{"id":276,"date":"2021-09-09T10:02:13","date_gmt":"2021-09-09T10:02:13","guid":{"rendered":"https:\/\/bonosvalencia.atic.green\/?page_id=276"},"modified":"2023-10-26T14:43:05","modified_gmt":"2023-10-26T12:43:05","slug":"comercos-adherits","status":"publish","type":"page","link":"https:\/\/bonocomercioribarroja.com\/va\/comercos-adherits\/","title":{"rendered":"Comer\u00e7os adherits"},"content":{"rendered":"<p>[vc_row full_width=&#8221;stretch_row&#8221; disable_element=&#8221;yes&#8221; el_class=&#8221;encuentra_establecimiento&#8221;][vc_column][vc_column_text]<\/p>\n<h2 style=\"text-align: center;\">En construcci\u00f3<\/h2>\n<p style=\"text-align: center;\">En breu estar\u00e0 disponible<\/p>\n<p>[\/vc_column_text][\/vc_column][\/vc_row][vc_row full_width=&#8221;stretch_row&#8221; el_class=&#8221;encuentra_establecimiento&#8221;][vc_column][vc_column_text]<\/p>\n<h2 style=\"text-align: center;\">Consulta els <span style=\" font-weight: bold; color: #b51631; \">establiments<\/span> adherits<\/h2>\n<p style=\"text-align: center;\">Troba el lloc m\u00e9s pr\u00f2xim per a gastar el teu bo<\/p>\n<p>[\/vc_column_text][vc_row_inner][vc_column_inner width=&#8221;1\/6&#8243;][\/vc_column_inner][vc_column_inner width=&#8221;2\/3&#8243;]<form class=\"consulta_comercios_form\" method=\"POST\" action=\"https:\/\/bonocomercioribarroja.com\/va\/comercos-adherits\/\"><div id=\"mensaje_solicitud\"><\/div><div class=\"vc_row\"><div class=\"vc_col-sm-5\"><select name=\"idsector\" id=\"idsector\"><option value=\"\" selected>Sector...<\/option><optgroup label=\"PER A LA PERSONA\"><option value=\"2\" >Peces de vestir i complements<\/option><option value=\"3\" >Merceria i paqueteria<\/option><option value=\"5\" >Joieries, rellotgeria i bijuteria<\/option><option value=\"6\" >Perfumeria i cosm\u00e8tics<\/option><option value=\"7\" >Herbolaris i diet\u00e8tica<\/option><option value=\"9\" >Esport i aventura<\/option><option value=\"10\" >AG\u00c8NCIES DE VIATGE<\/option><option value=\"12\" >Aparells m\u00e8dics i ortop\u00e8dics<\/option><option value=\"13\" >Papereria, llibres, peri\u00f2dics i revistes<\/option><option value=\"14\" >Instruments musicals i accessoris<\/option><option value=\"38\" >\u00d2ptiques<\/option><option value=\"39\" >Manualitats i belles arts<\/option><option value=\"40\" >Productes artesans<\/option><option value=\"42\" >Cal\u00e7at<\/option><option value=\"44\" >Alimentaci\u00f3n<\/option><option value=\"45\" >VEHICLES, ACCESSORIS I PECES DE RECANVI<\/option><option value=\"46\" >TALLERS DE REPARACI\u00d3 DE VEHICLES<\/option><\/optgroup><optgroup label=\"PER A LA LLAR\"><option value=\"17\" >Mobles per a la llar<\/option><option value=\"18\" >Electrodom\u00e8stics<\/option><option value=\"19\" >Ferreteria i parament<\/option><option value=\"20\" >T\u00e8xtils, decoraci\u00f3 i adorns per a la llar<\/option><option value=\"21\" >Droguer\u00eda i neteja de la llar<\/option><option value=\"22\" >Productes i serveis per a animals<\/option><option value=\"23\" >Flors i plantes<\/option><option value=\"24\" >Materiales de construcci\u00f3<\/option><option value=\"25\" >Articles de bricolatge<\/option><option value=\"26\" >Mobles i m\u00e0quines per a oficines<\/option><option value=\"41\" >Imatge, so i telefonia<\/option><\/optgroup><optgroup label=\"SERVEIS\"><option value=\"30\" >Bugaderies i tintoreries<\/option><option value=\"31\" >Reparaci\u00f3 de cal\u00e7at<\/option><option value=\"32\" >Reparaci\u00f3 i arranjament de roba<\/option><option value=\"34\" >Serveis fotogr\u00e0fics<\/option><option value=\"35\" >Serveis d'enmarcaci\u00f3<\/option><option value=\"47\" >REPARACI\u00d3 D'ARTICLES ELECTR\u00d2NICS<\/option><option value=\"48\" >BARS, RESTAURANTS I CAFETERIES<\/option><option value=\"49\" >PROFESSIONALS DE L'ENSENYAMENT I ACAD\u00c8MIES<\/option><option value=\"50\" >PROFESSIONALS DE LA SANITAT<\/option><option value=\"51\" >CL\u00cdNIQUES VETERIN\u00c0RIES<\/option><option value=\"52\" >TAPICERIES<\/option><option value=\"54\" >TAXIS<\/option><option value=\"55\" >SAFAREIG DE VEHICLES<\/option><option value=\"57\" >PERRUQUERIES<\/option><option value=\"58\" >SALONS DE BELLESA, MAQUILLADORS I ESTETICISTES<\/option><option value=\"59\" >GIMNASOS I ENTRENAMENT PERSONAL<\/option><option value=\"60\" >ACUPUNTORES, MASAJISTAS, DIETISTAS Y FISIOTERAPEUTAS<\/option><\/optgroup><\/select><\/div><div class=\"vc_col-sm-5\" style=\"display:none\"><input type=\"text\" name=\"codigo_postal\" placeholder=\"Codi postal\" value=\"\"><\/div><div class=\"vc_col-sm-5\" ><input type=\"text\" name=\"nombre_comercio\" placeholder=\"Nombre est.\" value=\"\"><\/div><div class=\"vc_col-sm-2\"><input type=\"submit\" value=\"\"><\/div><\/div><\/form>[\/vc_column_inner][vc_column_inner width=&#8221;1\/6&#8243;][\/vc_column_inner][\/vc_row_inner][\/vc_column][\/vc_row][vc_row el_class=&#8221;acordeon_comercios&#8221;][vc_column]<div class=\"vc_row\"><div class=\"vc_col-sm-12\"><h3 class=\"total_comercios\">Hi ha 132 comer\u00e7os adherits<\/div><\/div><\/div>[vc_row el_class=&#8221;acordeon_comercios&#8221;][vc_column][vc_tta_accordion style=&#8221;flat&#8221; shape=&#8221;square&#8221; color=&#8221;white&#8221; c_position=&#8221;right&#8221; collapsible_all=&#8221;true&#8221; active_section=&#8221;-1&#8243;][vc_tta_section title=&#8221;ACUPUNTORES, MASAJISTAS, DIETISTAS Y FISIOTERAPEUTAS&#8221; tab_id=&#8221;072b030ba126b2f4b2374f342be9ed44&#8243;]<table><tr><th>NOM<\/th><th>DIRECCI\u00d3<\/th><th>UBICACI\u00d3<\/th><\/tr><tr><td><img decoding=\"async\" src=\"\/wp-content\/uploads\/logos_establecimientos\/6914b9e9c385e.jpg\" style=\" width: 40px; height: 40px; object-fit: contain; border-radius: 50%; vertical-align: middle; margin-right: 6px; \"><a href=\"https:\/\/balanzefisio.com\" target=\"_blank\">BALANZ\u00c9 FISIOTERAPIA I OSTEOPATIA<\/a><\/td><td style=\" text-transform: uppercase; \">AV. DE LA PAU, 2<\/td><td><a href=\"https:\/\/www.google.es\/maps\/?q=AV.+DE+LA+PAU%2C+2+46190\" target=\"_blank\">Veure ubicaci\u00f3<\/a><\/td><\/tr><tr><td><a href=\"https:\/\/www.fisio-sport.com\" target=\"_blank\">CL\u00cdNICA DE FISIOTERAPIA EDUARDO S\u00c1NCHEZ<\/a><\/td><td style=\" text-transform: uppercase; \">Calle Arrosals 20<\/td><td><a href=\"https:\/\/www.google.es\/maps\/?q=Calle+Arrosals+20+46190\" target=\"_blank\">Veure ubicaci\u00f3<\/a><\/td><\/tr><tr><td><img decoding=\"async\" src=\"\/wp-content\/uploads\/logos_establecimientos\/691392421fafb.jpeg\" style=\" width: 40px; height: 40px; object-fit: contain; border-radius: 50%; vertical-align: middle; margin-right: 6px; \"><a href=\"\/\/@marianavarroribera\" target=\"_blank\">MARIA NAVARRO RIBERA (FISIOFARMA)<\/a><\/td><td style=\" text-transform: uppercase; \">c\/ joan fuster, 2<\/td><td><a href=\"https:\/\/www.google.es\/maps\/?q=c%2F+joan+fuster%2C+2+46190\" target=\"_blank\">Veure ubicaci\u00f3<\/a><\/td><\/tr><tr><td><a href=\"\/\/-\" target=\"_blank\">MIMOCLINIC S.L.U.<\/a><\/td><td style=\" text-transform: uppercase; \">AV. DE LA PAU, 17<\/td><td><a href=\"https:\/\/www.google.es\/maps\/?q=AV.+DE+LA+PAU%2C+17+46190\" target=\"_blank\">Veure ubicaci\u00f3<\/a><\/td><\/tr><\/table>[\/vc_tta_section][vc_tta_section title=&#8221;AG\u00c8NCIES DE VIATGE&#8221; tab_id=&#8221;d3d9446802a44259755d38e6d163e820&#8243;]<table><tr><th>NOM<\/th><th>DIRECCI\u00d3<\/th><th>UBICACI\u00d3<\/th><\/tr><tr><td><img decoding=\"async\" src=\"\/wp-content\/uploads\/logos_establecimientos\/691600f8d934e.jpg\" style=\" width: 40px; height: 40px; object-fit: contain; border-radius: 50%; vertical-align: middle; margin-right: 6px; \"><a href=\"https:\/\/instagram.com\/viajesmonanem?igshid=ogq5zdc2odk2za==\" target=\"_blank\">VIAJES MONANEM PANATRAVEL<\/a><\/td><td style=\" text-transform: uppercase; \">CTRA DE VALENCIA, 38<\/td><td><a href=\"https:\/\/www.google.es\/maps\/?q=CTRA+DE+VALENCIA%2C+38+46190\" target=\"_blank\">Veure ubicaci\u00f3<\/a><\/td><\/tr><\/table>[\/vc_tta_section][vc_tta_section title=&#8221;ALIMENTACI\u00d3N&#8221; tab_id=&#8221;f7177163c833dff4b38fc8d2872f1ec6&#8243;]<table><tr><th>NOM<\/th><th>DIRECCI\u00d3<\/th><th>UBICACI\u00d3<\/th><\/tr><tr><td><a href=\"\/\/-\" target=\"_blank\">AL\u00cd FRUTAS Y VERDURAS<\/a><\/td><td style=\" text-transform: uppercase; \">CARRETERA DE VILAMARXANT, 66<\/td><td><a href=\"https:\/\/www.google.es\/maps\/?q=CARRETERA+DE+VILAMARXANT%2C+66+46190\" target=\"_blank\">Veure ubicaci\u00f3<\/a><\/td><\/tr><tr><td><img decoding=\"async\" src=\"\/wp-content\/uploads\/logos_establecimientos\/69171ef699327.jpeg\" style=\" width: 40px; height: 40px; object-fit: contain; border-radius: 50%; vertical-align: middle; margin-right: 6px; \"><a href=\"\/\/-\" target=\"_blank\">BON TALL<\/a><\/td><td style=\" text-transform: uppercase; \">Carretera Vilamarxant n 102<\/td><td><a href=\"https:\/\/www.google.es\/maps\/?q=Carretera+Vilamarxant+n+102+46190\" target=\"_blank\">Veure ubicaci\u00f3<\/a><\/td><\/tr><tr><td><a href=\"https:\/\/www.instagram.com\/carnesamelia\/\" target=\"_blank\">CARNES AMELIA<\/a><\/td><td style=\" text-transform: uppercase; \">C\/MERCAT, 18<\/td><td><a href=\"https:\/\/www.google.es\/maps\/?q=C%2FMERCAT%2C+18+46190\" target=\"_blank\">Veure ubicaci\u00f3<\/a><\/td><\/tr><tr><td><img decoding=\"async\" src=\"\/wp-content\/uploads\/logos_establecimientos\/6917234ca540c.jpg\" style=\" width: 40px; height: 40px; object-fit: contain; border-radius: 50%; vertical-align: middle; margin-right: 6px; \"><a href=\"\/\/-\" target=\"_blank\">CARNICERIA BARBERIN<\/a><\/td><td style=\" text-transform: uppercase; \">SAN ANTONIO 59<\/td><td><a href=\"https:\/\/www.google.es\/maps\/?q=SAN+ANTONIO+59+46190\" target=\"_blank\">Veure ubicaci\u00f3<\/a><\/td><\/tr><tr><td><a href=\"\/\/-\" target=\"_blank\">CARNICER\u00cdA GUAL<\/a><\/td><td style=\" text-transform: uppercase; \">AV. DE LA PAU, 58<\/td><td><a href=\"https:\/\/www.google.es\/maps\/?q=AV.+DE+LA+PAU%2C+58+46190\" target=\"_blank\">Veure ubicaci\u00f3<\/a><\/td><\/tr><tr><td><img decoding=\"async\" src=\"\/wp-content\/uploads\/logos_establecimientos\/691378d5bdb12.jpg\" style=\" width: 40px; height: 40px; object-fit: contain; border-radius: 50%; vertical-align: middle; margin-right: 6px; \"><a href=\"\/\/carniceriasalva_y_mili\" target=\"_blank\">CARNICERIA SALVA Y MILI<\/a><\/td><td style=\" text-transform: uppercase; \">CARRER JOAN MARTORELL, 19 <\/td><td><a href=\"https:\/\/www.google.es\/maps\/?q=CARRER+JOAN+MARTORELL%2C+19++46190\" target=\"_blank\">Veure ubicaci\u00f3<\/a><\/td><\/tr><tr><td><img decoding=\"async\" src=\"\/wp-content\/uploads\/logos_establecimientos\/69144d025d132.png\" style=\" width: 40px; height: 40px; object-fit: contain; border-radius: 50%; vertical-align: middle; margin-right: 6px; \"><a href=\"https:\/\/www.facebook.com\/amparo.vidal.165\" target=\"_blank\">CASA AMPARO<\/a><\/td><td style=\" text-transform: uppercase; \">CARRETERA DE VALENCIA, 78<\/td><td><a href=\"https:\/\/www.google.es\/maps\/?q=CARRETERA+DE+VALENCIA%2C+78+46190\" target=\"_blank\">Veure ubicaci\u00f3<\/a><\/td><\/tr><tr><td><img decoding=\"async\" src=\"\/wp-content\/uploads\/logos_establecimientos\/69171589ba788.png\" style=\" width: 40px; height: 40px; object-fit: contain; border-radius: 50%; vertical-align: middle; margin-right: 6px; \"><a href=\"https:\/\/www.casaplanes.com\" target=\"_blank\">CASA PLANES<\/a><\/td><td style=\" text-transform: uppercase; \">Ctra.. de Vilamarxant, 82<\/td><td><a href=\"https:\/\/www.google.es\/maps\/?q=Ctra..+de+Vilamarxant%2C+82+46190\" target=\"_blank\">Veure ubicaci\u00f3<\/a><\/td><\/tr><tr><td><a href=\"\/\/-\" target=\"_blank\">CHARCUTER\u00cdA MARIA<\/a><\/td><td style=\" text-transform: uppercase; \">Carrer Mercat, 18<\/td><td><a href=\"https:\/\/www.google.es\/maps\/?q=Carrer+Mercat%2C+18+46190\" target=\"_blank\">Veure ubicaci\u00f3<\/a><\/td><\/tr><tr><td>CHARCUTERIA SELECTA MAITE<\/td><td style=\" text-transform: uppercase; \">CARRER MERCAT, 18<\/td><td><a href=\"https:\/\/www.google.es\/maps\/?q=CARRER+MERCAT%2C+18+46190\" target=\"_blank\">Veure ubicaci\u00f3<\/a><\/td><\/tr><tr><td><a href=\"\/\/-\" target=\"_blank\">FORN ESTIVALIS<\/a><\/td><td style=\" text-transform: uppercase; \">CARRER MAJOR, 69<\/td><td><a href=\"https:\/\/www.google.es\/maps\/?q=CARRER+MAJOR%2C+69+46190\" target=\"_blank\">Veure ubicaci\u00f3<\/a><\/td><\/tr><tr><td><img decoding=\"async\" src=\"\/wp-content\/uploads\/logos_establecimientos\/691b12e574960.jpg\" style=\" width: 40px; height: 40px; object-fit: contain; border-radius: 50%; vertical-align: middle; margin-right: 6px; \"><a href=\"https:\/\/www.instagram.com\/fornnavarro\" target=\"_blank\">FORN I PASSTISERIA NAVARRO (VIKI)<\/a><\/td><td style=\" text-transform: uppercase; \">Avinguda Vicent Blasco Ib\u00e1\u00f1ez, 9<\/td><td><a href=\"https:\/\/www.google.es\/maps\/?q=Avinguda+Vicent+Blasco+Ib%C3%A1%C3%B1ez%2C+9+46190\" target=\"_blank\">Veure ubicaci\u00f3<\/a><\/td><\/tr><tr><td><img decoding=\"async\" src=\"\/wp-content\/uploads\/logos_establecimientos\/6914498d5ac17.jpg\" style=\" width: 40px; height: 40px; object-fit: contain; border-radius: 50%; vertical-align: middle; margin-right: 6px; \"><a href=\"https:\/\/www.instagram.com\/inma.folgado?igsh=mtf1djrkm3fmngm5zw==\" target=\"_blank\">FRUITES I VERDURES INMA<\/a><\/td><td style=\" text-transform: uppercase; \">C\/ MERCAT, 18<\/td><td><a href=\"https:\/\/www.google.es\/maps\/?q=C%2F+MERCAT%2C+18+46190\" target=\"_blank\">Veure ubicaci\u00f3<\/a><\/td><\/tr><tr><td><img decoding=\"async\" src=\"\/wp-content\/uploads\/logos_establecimientos\/6913676fe991b.jpg\" style=\" width: 40px; height: 40px; object-fit: contain; border-radius: 50%; vertical-align: middle; margin-right: 6px; \"><a href=\"https:\/\/www.google.com\/search?q=frutas+y+verduras+mariajose&#038;rlz=1c1avfc_enes752es752&#038;oq=frutas+y+verduras+mariajose&#038;gs_lcrp=egzjahjvbwuybggaeeuyotijcaeqirgkgkabmgkiahahgaoyoahsaqg0mzuyajbqn6gcalacaa&#038;sourceid=chrome&#038;ie=utf-8#ip=1&#038;lrd=0xd6058e72da61655:0x6d\" target=\"_blank\">FRUTAS Y VERDURAS MAR\u00cdA JOS\u00c9<\/a><\/td><td style=\" text-transform: uppercase; \">C\/ MAJOR, 58<\/td><td><a href=\"https:\/\/www.google.es\/maps\/?q=C%2F+MAJOR%2C+58+46190\" target=\"_blank\">Veure ubicaci\u00f3<\/a><\/td><\/tr><tr><td><img decoding=\"async\" src=\"\/wp-content\/uploads\/logos_establecimientos\/691aefafabe5e.png\" style=\" width: 40px; height: 40px; object-fit: contain; border-radius: 50%; vertical-align: middle; margin-right: 6px; \"><a href=\"https:\/\/www.instagram.com\/frutassalvayfani\/?hl=es\" target=\"_blank\">FRUTAS Y VERDURAS SALVA Y FANNY<\/a><\/td><td style=\" text-transform: uppercase; \">CTRA. B\u00c9TERA, 3<\/td><td><a href=\"https:\/\/www.google.es\/maps\/?q=CTRA.+B%C3%89TERA%2C+3+46190\" target=\"_blank\">Veure ubicaci\u00f3<\/a><\/td><\/tr><tr><td><img decoding=\"async\" src=\"\/wp-content\/uploads\/logos_establecimientos\/6914578e30789.png\" style=\" width: 40px; height: 40px; object-fit: contain; border-radius: 50%; vertical-align: middle; margin-right: 6px; \"><a href=\"https:\/\/maps.app.goo.gl\/qs1ueazc9fcgjmx3a\" target=\"_blank\">HAMZA FRUTAS Y VERDURAS<\/a><\/td><td style=\" text-transform: uppercase; \">CR VILLAMARCHANTE, 99<\/td><td><a href=\"https:\/\/www.google.es\/maps\/?q=CR+VILLAMARCHANTE%2C+99+46190\" target=\"_blank\">Veure ubicaci\u00f3<\/a><\/td><\/tr><tr><td><a href=\"\/\/-\" target=\"_blank\">HORNO GUARDIOLA<\/a><\/td><td style=\" text-transform: uppercase; \">CTRA. VALENCIA, 52<\/td><td><a href=\"https:\/\/www.google.es\/maps\/?q=CTRA.+VALENCIA%2C+52+46190\" target=\"_blank\">Veure ubicaci\u00f3<\/a><\/td><\/tr><tr><td><img decoding=\"async\" src=\"\/wp-content\/uploads\/logos_establecimientos\/69144919991cd.jpg\" style=\" width: 40px; height: 40px; object-fit: contain; border-radius: 50%; vertical-align: middle; margin-right: 6px; \"><a href=\"https:\/\/www.facebook.com\/fornsantabarbararibarroja\/?locale=ca_es\" target=\"_blank\">HORNO SANTA BARBARA<\/a><\/td><td style=\" text-transform: uppercase; \"> Av. de la Pau,19<\/td><td><a href=\"https:\/\/www.google.es\/maps\/?q=+Av.+de+la+Pau%2C19+46190\" target=\"_blank\">Veure ubicaci\u00f3<\/a><\/td><\/tr><tr><td><a href=\"\/\/-\" target=\"_blank\">L\\&#8217;OBRADOR DE NAVARRO<\/a><\/td><td style=\" text-transform: uppercase; \">CALLE JOAN MARTORELL 28 <\/td><td><a href=\"https:\/\/www.google.es\/maps\/?q=CALLE+JOAN+MARTORELL+28++46190\" target=\"_blank\">Veure ubicaci\u00f3<\/a><\/td><\/tr><tr><td><img decoding=\"async\" src=\"\/wp-content\/uploads\/logos_establecimientos\/69161391443d4.png\" style=\" width: 40px; height: 40px; object-fit: contain; border-radius: 50%; vertical-align: middle; margin-right: 6px; \"><a href=\"https:\/\/www.instagram.com\/la_despensa_de_faubell\/\" target=\"_blank\">LA DESPENSA DE FAUBELL<\/a><\/td><td style=\" text-transform: uppercase; \">Carretera de Vilamarxant 95<\/td><td><a href=\"https:\/\/www.google.es\/maps\/?q=Carretera+de+Vilamarxant+95+46190\" target=\"_blank\">Veure ubicaci\u00f3<\/a><\/td><\/tr><tr><td><img decoding=\"async\" src=\"\/wp-content\/uploads\/logos_establecimientos\/691d8f0182c44.JPG\" style=\" width: 40px; height: 40px; object-fit: contain; border-radius: 50%; vertical-align: middle; margin-right: 6px; \"><a href=\"\/\/-\" target=\"_blank\">PAN Y DULCES BENITO<\/a><\/td><td style=\" text-transform: uppercase; \">CARRER PRIMER DE MAIG, 63<\/td><td><a href=\"https:\/\/www.google.es\/maps\/?q=CARRER+PRIMER+DE+MAIG%2C+63+46190\" target=\"_blank\">Veure ubicaci\u00f3<\/a><\/td><\/tr><tr><td><img decoding=\"async\" src=\"\/wp-content\/uploads\/logos_establecimientos\/693bd8856c097.jpg\" style=\" width: 40px; height: 40px; object-fit: contain; border-radius: 50%; vertical-align: middle; margin-right: 6px; \"><a href=\"\/\/-\" target=\"_blank\">PASTISSER\u00cdA MYRNA<\/a><\/td><td style=\" text-transform: uppercase; \">C\/ mayor, 30<\/td><td><a href=\"https:\/\/www.google.es\/maps\/?q=C%2F+mayor%2C+30+46190\" target=\"_blank\">Veure ubicaci\u00f3<\/a><\/td><\/tr><tr><td><img decoding=\"async\" src=\"\/wp-content\/uploads\/logos_establecimientos\/6916f48ebee8c.jpg\" style=\" width: 40px; height: 40px; object-fit: contain; border-radius: 50%; vertical-align: middle; margin-right: 6px; \"><a href=\"\/\/-\" target=\"_blank\">PESCADERIA SENENT<\/a><\/td><td style=\" text-transform: uppercase; \">AV LA PAU, 24<\/td><td><a href=\"https:\/\/www.google.es\/maps\/?q=AV+LA+PAU%2C+24+46190\" target=\"_blank\">Veure ubicaci\u00f3<\/a><\/td><\/tr><tr><td><img decoding=\"async\" src=\"\/wp-content\/uploads\/logos_establecimientos\/6915c4c6209e0.jpg\" style=\" width: 40px; height: 40px; object-fit: contain; border-radius: 50%; vertical-align: middle; margin-right: 6px; \"><a href=\"https:\/\/www.facebook.com\/pescavenida\" target=\"_blank\">PESCAVENIDA PEIX I MARISC<\/a><\/td><td style=\" text-transform: uppercase; \">CARRER MERCAT, 18<\/td><td><a href=\"https:\/\/www.google.es\/maps\/?q=CARRER+MERCAT%2C+18+46190\" target=\"_blank\">Veure ubicaci\u00f3<\/a><\/td><\/tr><\/table>[\/vc_tta_section][vc_tta_section title=&#8221;APARELLS M\u00c8DICS I ORTOP\u00c8DICS&#8221; tab_id=&#8221;c20ad4d76fe97759aa27a0c99bff6710&#8243;]<p>No hi ha cap comer\u00e7 adherit.<\/p>[\/vc_tta_section][vc_tta_section title=&#8221;ARTICLES DE BRICOLATGE&#8221; tab_id=&#8221;8e296a067a37563370ded05f5a3bf3ec&#8221;]<table><tr><th>NOM<\/th><th>DIRECCI\u00d3<\/th><th>UBICACI\u00d3<\/th><\/tr><tr><td><img decoding=\"async\" src=\"\/wp-content\/uploads\/logos_establecimientos\/6914563e9ad23.png\" style=\" width: 40px; height: 40px; object-fit: contain; border-radius: 50%; vertical-align: middle; margin-right: 6px; \"><a href=\"https:\/\/www.bricomoreno.es\" target=\"_blank\">BRICOMORENO<\/a><\/td><td style=\" text-transform: uppercase; \">CTRA VILLAMARCHANTE, 84<\/td><td><a href=\"https:\/\/www.google.es\/maps\/?q=CTRA+VILLAMARCHANTE%2C+84+46190\" target=\"_blank\">Veure ubicaci\u00f3<\/a><\/td><\/tr><\/table>[\/vc_tta_section][vc_tta_section title=&#8221;BARS, RESTAURANTS I CAFETERIES&#8221; tab_id=&#8221;642e92efb79421734881b53e1e1b18b6&#8243;]<table><tr><th>NOM<\/th><th>DIRECCI\u00d3<\/th><th>UBICACI\u00d3<\/th><\/tr><tr><td><a href=\"\/\/-\" target=\"_blank\">ASADOR LES PALMERES<\/a><\/td><td style=\" text-transform: uppercase; \">AVDA. DE LA PAU, 26<\/td><td><a href=\"https:\/\/www.google.es\/maps\/?q=AVDA.+DE+LA+PAU%2C+26+46190\" target=\"_blank\">Veure ubicaci\u00f3<\/a><\/td><\/tr><tr><td><img decoding=\"async\" src=\"\/wp-content\/uploads\/logos_establecimientos\/692183a4409ac.jpg\" style=\" width: 40px; height: 40px; object-fit: contain; border-radius: 50%; vertical-align: middle; margin-right: 6px; \"><a href=\"https:\/\/sites.google.com\/view\/asador-los-urus\" target=\"_blank\">ASADOR LOS URUS<\/a><\/td><td style=\" text-transform: uppercase; \">Carrer Cisterna n\u00b047<\/td><td><a href=\"https:\/\/www.google.es\/maps\/?q=Carrer+Cisterna+n%C2%B047+46190\" target=\"_blank\">Veure ubicaci\u00f3<\/a><\/td><\/tr><tr><td><a href=\"\/\/-\" target=\"_blank\">BAR LA CATEDRAL<\/a><\/td><td style=\" text-transform: uppercase; \">Carretera Vilamarxant 88<\/td><td><a href=\"https:\/\/www.google.es\/maps\/?q=Carretera+Vilamarxant+88+46190\" target=\"_blank\">Veure ubicaci\u00f3<\/a><\/td><\/tr><tr><td><a href=\"\/\/-\" target=\"_blank\">BAR MERCAT<\/a><\/td><td style=\" text-transform: uppercase; \">MERCAT, 20<\/td><td><a href=\"https:\/\/www.google.es\/maps\/?q=MERCAT%2C+20+46190\" target=\"_blank\">Veure ubicaci\u00f3<\/a><\/td><\/tr><tr><td><img decoding=\"async\" src=\"\/wp-content\/uploads\/logos_establecimientos\/693a840fea5e5.jpg\" style=\" width: 40px; height: 40px; object-fit: contain; border-radius: 50%; vertical-align: middle; margin-right: 6px; \"><a href=\"\/\/-\" target=\"_blank\">BAR RESTAURANT LA MASIA<\/a><\/td><td style=\" text-transform: uppercase; \">CALLE MAYOR 152<\/td><td><a href=\"https:\/\/www.google.es\/maps\/?q=CALLE+MAYOR+152+46190\" target=\"_blank\">Veure ubicaci\u00f3<\/a><\/td><\/tr><tr><td><a href=\"\/\/-\" target=\"_blank\">BAR RESTAURANTE EL RINCON DE NACHO<\/a><\/td><td style=\" text-transform: uppercase; \">AV. DE LA PAU, 47<\/td><td><a href=\"https:\/\/www.google.es\/maps\/?q=AV.+DE+LA+PAU%2C+47+46190\" target=\"_blank\">Veure ubicaci\u00f3<\/a><\/td><\/tr><tr><td><img decoding=\"async\" src=\"\/wp-content\/uploads\/logos_establecimientos\/691afcc66271b.png\" style=\" width: 40px; height: 40px; object-fit: contain; border-radius: 50%; vertical-align: middle; margin-right: 6px; \"><a href=\"\/\/-\" target=\"_blank\">BAR RESTAURANTE LOS CLAVELES<\/a><\/td><td style=\" text-transform: uppercase; \">CA DOCTOR FLEMING, 1  <\/td><td><a href=\"https:\/\/www.google.es\/maps\/?q=CA+DOCTOR+FLEMING%2C+1+++46190\" target=\"_blank\">Veure ubicaci\u00f3<\/a><\/td><\/tr><tr><td><a href=\"\/\/-\" target=\"_blank\">BAR RTE ANTONIO Y ROSA<\/a><\/td><td style=\" text-transform: uppercase; \">AV. DE LA PAU, 69<\/td><td><a href=\"https:\/\/www.google.es\/maps\/?q=AV.+DE+LA+PAU%2C+69+46190\" target=\"_blank\">Veure ubicaci\u00f3<\/a><\/td><\/tr><tr><td><img decoding=\"async\" src=\"\/wp-content\/uploads\/logos_establecimientos\/6939da321be01.jpeg\" style=\" width: 40px; height: 40px; object-fit: contain; border-radius: 50%; vertical-align: middle; margin-right: 6px; \"><a href=\"https:\/\/www.instagram.com\/broncossmoke?igsh=mtr1dwrjndzsdwe5ca%3d%3d&#038;utm_source=qr\" target=\"_blank\">BRONCOS SMOKE<\/a><\/td><td style=\" text-transform: uppercase; \">CARRETERA DE VILLAMARXANT 44<\/td><td><a href=\"https:\/\/www.google.es\/maps\/?q=CARRETERA+DE+VILLAMARXANT+44+46190\" target=\"_blank\">Veure ubicaci\u00f3<\/a><\/td><\/tr><tr><td><img decoding=\"async\" src=\"\/wp-content\/uploads\/logos_establecimientos\/6937f43828843.jpg\" style=\" width: 40px; height: 40px; object-fit: contain; border-radius: 50%; vertical-align: middle; margin-right: 6px; \"><a href=\"\/\/-\" target=\"_blank\">CAFETER\u00cdA LA FELICITAT<\/a><\/td><td style=\" text-transform: uppercase; \">Ctra. de Vilamarxant 116<\/td><td><a href=\"https:\/\/www.google.es\/maps\/?q=Ctra.+de+Vilamarxant+116+46190\" target=\"_blank\">Veure ubicaci\u00f3<\/a><\/td><\/tr><tr><td><img decoding=\"async\" src=\"\/wp-content\/uploads\/logos_establecimientos\/6916e8efbe57f.jpeg\" style=\" width: 40px; height: 40px; object-fit: contain; border-radius: 50%; vertical-align: middle; margin-right: 6px; \"><a href=\"https:\/\/www.instagram.com\/el_cafe_de_lolo?igsh=mw94dnribwxhntk1bw%3d%3d&#038;utm_source=qr\" target=\"_blank\">EL CAF\u00c9 DE LOL\u00d3<\/a><\/td><td style=\" text-transform: uppercase; \">CARRER MAJOR, 2<\/td><td><a href=\"https:\/\/www.google.es\/maps\/?q=CARRER+MAJOR%2C+2+46190\" target=\"_blank\">Veure ubicaci\u00f3<\/a><\/td><\/tr><tr><td><img decoding=\"async\" src=\"\/wp-content\/uploads\/logos_establecimientos\/691715472c981.jpg\" style=\" width: 40px; height: 40px; object-fit: contain; border-radius: 50%; vertical-align: middle; margin-right: 6px; \"><a href=\"\/\/-\" target=\"_blank\">GUAYOYO TIME<\/a><\/td><td style=\" text-transform: uppercase; \">AVDA. DE LOS NARANJOS, 10<\/td><td><a href=\"https:\/\/www.google.es\/maps\/?q=AVDA.+DE+LOS+NARANJOS%2C+10+46190\" target=\"_blank\">Veure ubicaci\u00f3<\/a><\/td><\/tr><tr><td><img decoding=\"async\" src=\"\/wp-content\/uploads\/logos_establecimientos\/693c59500111d.jpg\" style=\" width: 40px; height: 40px; object-fit: contain; border-radius: 50%; vertical-align: middle; margin-right: 6px; \"><a href=\"https:\/\/www.instagram.com\/matiheladeria\/\" target=\"_blank\">HELADERIA MATI<\/a><\/td><td style=\" text-transform: uppercase; \">Calle mayor 80<\/td><td><a href=\"https:\/\/www.google.es\/maps\/?q=Calle+mayor+80+46190\" target=\"_blank\">Veure ubicaci\u00f3<\/a><\/td><\/tr><tr><td><a href=\"\/\/@lacamoteta\" target=\"_blank\">LA CAMOTETA RESTAURANT<\/a><\/td><td style=\" text-transform: uppercase; \">Av\/pacadar valenciana 1<\/td><td><a href=\"https:\/\/www.google.es\/maps\/?q=Av%2Fpacadar+valenciana+1+46190\" target=\"_blank\">Veure ubicaci\u00f3<\/a><\/td><\/tr><tr><td><img decoding=\"async\" src=\"\/wp-content\/uploads\/logos_establecimientos\/692491477d8fa.png\" style=\" width: 40px; height: 40px; object-fit: contain; border-radius: 50%; vertical-align: middle; margin-right: 6px; \"><a href=\"https:\/\/www.ribarojadeturiaturismo.com\/rt\/web_php\/index.php?contenido=fichacomercial&#038;id=31&#038;idcontacto=83&#038;mode=list&#038;order=asc&#038;idnivel=&#038;lang=1#groupfot0-0\" target=\"_blank\">LA PARADA<\/a><\/td><td style=\" text-transform: uppercase; \">CR VILAMARXANT, 112<\/td><td><a href=\"https:\/\/www.google.es\/maps\/?q=CR+VILAMARXANT%2C+112+46190\" target=\"_blank\">Veure ubicaci\u00f3<\/a><\/td><\/tr><tr><td><img decoding=\"async\" src=\"\/wp-content\/uploads\/logos_establecimientos\/69248df1c5055.png\" style=\" width: 40px; height: 40px; object-fit: contain; border-radius: 50%; vertical-align: middle; margin-right: 6px; \"><a href=\"https:\/\/www.google.com\/search?q=la+picaeta+star+riba.-roja&#038;sca_esv=d124881140f2a97d&#038;rlz=1c1ytuh_eses1019es1020&#038;udm=1&#038;biw=994&#038;bih=989&#038;sxsrf=ae3tifmoxq_cm7wlahhpzt9qrlqptdvgkw%3a1764003220054&#038;ei=li0kazoaa5rl7_upsoovqqm&#038;ved=0ahukewitmsgkoiuraxwa8rsihblbkzuq4\" target=\"_blank\">LA PICAETA<\/a><\/td><td style=\" text-transform: uppercase; \">CR VILAMARXANT, 99 &#8211; IZQ<\/td><td><a href=\"https:\/\/www.google.es\/maps\/?q=CR+VILAMARXANT%2C+99+-+IZQ+46190\" target=\"_blank\">Veure ubicaci\u00f3<\/a><\/td><\/tr><tr><td><img decoding=\"async\" src=\"\/wp-content\/uploads\/logos_establecimientos\/69148feb2cacb.jpg\" style=\" width: 40px; height: 40px; object-fit: contain; border-radius: 50%; vertical-align: middle; margin-right: 6px; \"><a href=\"https:\/\/www.facebook.com\/latasquetaribarroja\/\" target=\"_blank\">LA TASQUETA<\/a><\/td><td style=\" text-transform: uppercase; \">PLAZA DE LA ESTACION, 3<\/td><td><a href=\"https:\/\/www.google.es\/maps\/?q=PLAZA+DE+LA+ESTACION%2C+3+46190\" target=\"_blank\">Veure ubicaci\u00f3<\/a><\/td><\/tr><tr><td><a href=\"\/\/.\" target=\"_blank\">LUDOTECA TONIGHT<\/a><\/td><td style=\" text-transform: uppercase; \">CTRA. VALENCIA, 98<\/td><td><a href=\"https:\/\/www.google.es\/maps\/?q=CTRA.+VALENCIA%2C+98+46190\" target=\"_blank\">Veure ubicaci\u00f3<\/a><\/td><\/tr><tr><td><img decoding=\"async\" src=\"\/wp-content\/uploads\/logos_establecimientos\/691f550538794.jpeg\" style=\" width: 40px; height: 40px; object-fit: contain; border-radius: 50%; vertical-align: middle; margin-right: 6px; \"><a href=\"\/\/-\" target=\"_blank\">MONTANA VINOS &#038; IBERICOS<\/a><\/td><td style=\" text-transform: uppercase; \">CARRETERA DE VALENCIA, 102<\/td><td><a href=\"https:\/\/www.google.es\/maps\/?q=CARRETERA+DE+VALENCIA%2C+102+46190\" target=\"_blank\">Veure ubicaci\u00f3<\/a><\/td><\/tr><tr><td><img decoding=\"async\" src=\"\/wp-content\/uploads\/logos_establecimientos\/691468ae8943f.jpg\" style=\" width: 40px; height: 40px; object-fit: contain; border-radius: 50%; vertical-align: middle; margin-right: 6px; \"><a href=\"https:\/\/restaurantenoumusical.com\/\" target=\"_blank\">NOU MUSICAL<\/a><\/td><td style=\" text-transform: uppercase; \">CALLE SAGUNTO, 14<\/td><td><a href=\"https:\/\/www.google.es\/maps\/?q=CALLE+SAGUNTO%2C+14+46190\" target=\"_blank\">Veure ubicaci\u00f3<\/a><\/td><\/tr><tr><td><a href=\"\/\/-\" target=\"_blank\">PUB MONOLOCO<\/a><\/td><td style=\" text-transform: uppercase; \">CARRETERA DE VALENCIA, 83<\/td><td><a href=\"https:\/\/www.google.es\/maps\/?q=CARRETERA+DE+VALENCIA%2C+83+46190\" target=\"_blank\">Veure ubicaci\u00f3<\/a><\/td><\/tr><tr><td><img decoding=\"async\" src=\"\/wp-content\/uploads\/logos_establecimientos\/692043bb22dcf.png\" style=\" width: 40px; height: 40px; object-fit: contain; border-radius: 50%; vertical-align: middle; margin-right: 6px; \"><a href=\"https:\/\/www.facebook.com\/people\/reb%c3%b2\/61554338048169\/\" target=\"_blank\">REB\u00d3<\/a><\/td><td style=\" text-transform: uppercase; \">C\/ REY DON JAIME, 2<\/td><td><a href=\"https:\/\/www.google.es\/maps\/?q=C%2F+REY+DON+JAIME%2C+2+46190\" target=\"_blank\">Veure ubicaci\u00f3<\/a><\/td><\/tr><tr><td><a href=\"\/\/-\" target=\"_blank\">RESTAURANTE MIN<\/a><\/td><td style=\" text-transform: uppercase; \">CARRETERA VILLAMARCHANTE 110<\/td><td><a href=\"https:\/\/www.google.es\/maps\/?q=CARRETERA+VILLAMARCHANTE+110+46190\" target=\"_blank\">Veure ubicaci\u00f3<\/a><\/td><\/tr><tr><td><img decoding=\"async\" src=\"\/wp-content\/uploads\/logos_establecimientos\/69270897abbf7.jpg\" style=\" width: 40px; height: 40px; object-fit: contain; border-radius: 50%; vertical-align: middle; margin-right: 6px; \"><a href=\"https:\/\/ilgiardinoristorante.es\/\" target=\"_blank\">RISTORANTE IL GIARDINO<\/a><\/td><td style=\" text-transform: uppercase; \">CTRA. VILAMARXANT, 92<\/td><td><a href=\"https:\/\/www.google.es\/maps\/?q=CTRA.+VILAMARXANT%2C+92+46190\" target=\"_blank\">Veure ubicaci\u00f3<\/a><\/td><\/tr><tr><td><img decoding=\"async\" src=\"\/wp-content\/uploads\/logos_establecimientos\/691b31e662997.jpg\" style=\" width: 40px; height: 40px; object-fit: contain; border-radius: 50%; vertical-align: middle; margin-right: 6px; \"><a href=\"\/\/-\" target=\"_blank\">S\u00cdNTSIS CAF\u00c9<\/a><\/td><td style=\" text-transform: uppercase; \">CTRA. DE VILLAMARXANT,59<\/td><td><a href=\"https:\/\/www.google.es\/maps\/?q=CTRA.+DE+VILLAMARXANT%2C59+46190\" target=\"_blank\">Veure ubicaci\u00f3<\/a><\/td><\/tr><tr><td><a href=\"\/\/-\" target=\"_blank\">TABERNA LA MURCIANICA<\/a><\/td><td style=\" text-transform: uppercase; \">CALLE SAGUNTO, 31<\/td><td><a href=\"https:\/\/www.google.es\/maps\/?q=CALLE+SAGUNTO%2C+31+46190\" target=\"_blank\">Veure ubicaci\u00f3<\/a><\/td><\/tr><\/table>[\/vc_tta_section][vc_tta_section title=&#8221;BUGADERIES I TINTORERIES&#8221; tab_id=&#8221;34173cb38f07f89ddbebc2ac9128303f&#8221;]<p>No hi ha cap comer\u00e7 adherit.<\/p>[\/vc_tta_section][vc_tta_section title=&#8221;CAL\u00c7AT&#8221; tab_id=&#8221;a1d0c6e83f027327d8461063f4ac58a6&#8243;]<table><tr><th>NOM<\/th><th>DIRECCI\u00d3<\/th><th>UBICACI\u00d3<\/th><\/tr><tr><td><img decoding=\"async\" src=\"\/wp-content\/uploads\/logos_establecimientos\/69171dd9e27f5.jpeg\" style=\" width: 40px; height: 40px; object-fit: contain; border-radius: 50%; vertical-align: middle; margin-right: 6px; \"><a href=\"https:\/\/www.instagram.com\/calzadostolosa\/?hl=es\" target=\"_blank\">CALZADOS TOLOSA CARRETERA VILLMARCHANTE<\/a><\/td><td style=\" text-transform: uppercase; \">Carretera Villamarchante 99<\/td><td><a href=\"https:\/\/www.google.es\/maps\/?q=Carretera+Villamarchante+99+46190\" target=\"_blank\">Veure ubicaci\u00f3<\/a><\/td><\/tr><tr><td><img decoding=\"async\" src=\"\/wp-content\/uploads\/logos_establecimientos\/69171e6f8075d.jpeg\" style=\" width: 40px; height: 40px; object-fit: contain; border-radius: 50%; vertical-align: middle; margin-right: 6px; \"><a href=\"https:\/\/www.instagram.com\/calzadostolosa\/?hl=es\" target=\"_blank\">CALZADOS TOLOSA DOS DE MAYO<\/a><\/td><td style=\" text-transform: uppercase; \">C\/ DOS DE MAIG, 47 <\/td><td><a href=\"https:\/\/www.google.es\/maps\/?q=C%2F+DOS+DE+MAIG%2C+47++46190\" target=\"_blank\">Veure ubicaci\u00f3<\/a><\/td><\/tr><tr><td><a href=\"\/\/-\" target=\"_blank\">ZAPATERIA Y MODA LOS QUILLOS<\/a><\/td><td style=\" text-transform: uppercase; \">CARRETERA VILLAMARCHANTE, 68<\/td><td><a href=\"https:\/\/www.google.es\/maps\/?q=CARRETERA+VILLAMARCHANTE%2C+68+46190\" target=\"_blank\">Veure ubicaci\u00f3<\/a><\/td><\/tr><\/table>[\/vc_tta_section][vc_tta_section title=&#8221;CL\u00cdNIQUES VETERIN\u00c0RIES&#8221; tab_id=&#8221;2838023a778dfaecdc212708f721b788&#8243;]<table><tr><th>NOM<\/th><th>DIRECCI\u00d3<\/th><th>UBICACI\u00d3<\/th><\/tr><tr><td><img decoding=\"async\" src=\"\/wp-content\/uploads\/logos_establecimientos\/6916ee6d65ac0.jpg\" style=\" width: 40px; height: 40px; object-fit: contain; border-radius: 50%; vertical-align: middle; margin-right: 6px; \"><a href=\"\/\/-\" target=\"_blank\">CENTRO VETERINARIO KENIA<\/a><\/td><td style=\" text-transform: uppercase; \">BODEGUETES, 97<\/td><td><a href=\"https:\/\/www.google.es\/maps\/?q=BODEGUETES%2C+97+46190\" target=\"_blank\">Veure ubicaci\u00f3<\/a><\/td><\/tr><tr><td><a href=\"http:\/\/www.naturiaveterinaria.com\" target=\"_blank\">CLINICA VETERINARIA NATURIA<\/a><\/td><td style=\" text-transform: uppercase; \">CTRA. VILLAMARCHANTE,95<\/td><td><a href=\"https:\/\/www.google.es\/maps\/?q=CTRA.+VILLAMARCHANTE%2C95+46190\" target=\"_blank\">Veure ubicaci\u00f3<\/a><\/td><\/tr><tr><td><img decoding=\"async\" src=\"\/wp-content\/uploads\/logos_establecimientos\/69146eb79d5ee.png\" style=\" width: 40px; height: 40px; object-fit: contain; border-radius: 50%; vertical-align: middle; margin-right: 6px; \"><a href=\"\/\/-\" target=\"_blank\">CLINICA VETERINARIA RIBARROJA<\/a><\/td><td style=\" text-transform: uppercase; \">CARRETERA DE VALENCIA, 82<\/td><td><a href=\"https:\/\/www.google.es\/maps\/?q=CARRETERA+DE+VALENCIA%2C+82+46190\" target=\"_blank\">Veure ubicaci\u00f3<\/a><\/td><\/tr><\/table>[\/vc_tta_section][vc_tta_section title=&#8221;DROGUER\u00cdA I NETEJA DE LA LLAR&#8221; tab_id=&#8221;3c59dc048e8850243be8079a5c74d079&#8243;]<table><tr><th>NOM<\/th><th>DIRECCI\u00d3<\/th><th>UBICACI\u00d3<\/th><\/tr><tr><td><img decoding=\"async\" src=\"\/wp-content\/uploads\/logos_establecimientos\/69144240f3731.jpeg\" style=\" width: 40px; height: 40px; object-fit: contain; border-radius: 50%; vertical-align: middle; margin-right: 6px; \"><a href=\"\/\/-\" target=\"_blank\">DROGUERIA  L\\&#8217; ESTACI\u00d3<\/a><\/td><td style=\" text-transform: uppercase; \">Plaza De La Estaci\u00f3n 13<\/td><td><a href=\"https:\/\/www.google.es\/maps\/?q=Plaza+De+La+Estaci%C3%B3n+13+46190\" target=\"_blank\">Veure ubicaci\u00f3<\/a><\/td><\/tr><tr><td><a href=\"\/\/-\" target=\"_blank\">DROGUER\u00cdA PERFUMER\u00cdA CONCHA<\/a><\/td><td style=\" text-transform: uppercase; \">AV. DE LA PAU, 16 <\/td><td><a href=\"https:\/\/www.google.es\/maps\/?q=AV.+DE+LA+PAU%2C+16++46190\" target=\"_blank\">Veure ubicaci\u00f3<\/a><\/td><\/tr><\/table>[\/vc_tta_section][vc_tta_section title=&#8221;ELECTRODOM\u00c8STICS&#8221; tab_id=&#8221;6f4922f45568161a8cdf4ad2299f6d23&#8243;]<table><tr><th>NOM<\/th><th>DIRECCI\u00d3<\/th><th>UBICACI\u00d3<\/th><\/tr><tr><td><img decoding=\"async\" src=\"\/wp-content\/uploads\/logos_establecimientos\/6915bdf944d2f.jpg\" style=\" width: 40px; height: 40px; object-fit: contain; border-radius: 50%; vertical-align: middle; margin-right: 6px; \"><a href=\"\/\/-\" target=\"_blank\">XIMO ELECTRODOM\u00c8STICS<\/a><\/td><td style=\" text-transform: uppercase; \">CTRA DE VALENCIA,72<\/td><td><a href=\"https:\/\/www.google.es\/maps\/?q=CTRA+DE+VALENCIA%2C72+46190\" target=\"_blank\">Veure ubicaci\u00f3<\/a><\/td><\/tr><\/table>[\/vc_tta_section][vc_tta_section title=&#8221;ESPORT I AVENTURA&#8221; tab_id=&#8221;45c48cce2e2d7fbdea1afc51c7c6ad26&#8243;]<table><tr><th>NOM<\/th><th>DIRECCI\u00d3<\/th><th>UBICACI\u00d3<\/th><\/tr><tr><td><a href=\"\/\/-\" target=\"_blank\">3HCYCLES RIBA-ROJA<\/a><\/td><td style=\" text-transform: uppercase; \">Avd. De La Pau, 29<\/td><td><a href=\"https:\/\/www.google.es\/maps\/?q=Avd.+De+La+Pau%2C+29+46190\" target=\"_blank\">Veure ubicaci\u00f3<\/a><\/td><\/tr><tr><td><img decoding=\"async\" src=\"\/wp-content\/uploads\/logos_establecimientos\/691455aa1f8e2.png\" style=\" width: 40px; height: 40px; object-fit: contain; border-radius: 50%; vertical-align: middle; margin-right: 6px; \"><a href=\"https:\/\/atmosferasportribarroja.com\/\" target=\"_blank\">ATMOSFERA SPORT RIBARROJA<\/a><\/td><td style=\" text-transform: uppercase; \">Ctra. villamarchante, 121 <\/td><td><a href=\"https:\/\/www.google.es\/maps\/?q=Ctra.+villamarchante%2C+121++46190\" target=\"_blank\">Veure ubicaci\u00f3<\/a><\/td><\/tr><tr><td><img decoding=\"async\" src=\"\/wp-content\/uploads\/logos_establecimientos\/691f0f362f94b.jpg\" style=\" width: 40px; height: 40px; object-fit: contain; border-radius: 50%; vertical-align: middle; margin-right: 6px; \"><a href=\"\/\/-\" target=\"_blank\">CICLOS FOLGADO<\/a><\/td><td style=\" text-transform: uppercase; \">C\/ BODEGUETES, 7<\/td><td><a href=\"https:\/\/www.google.es\/maps\/?q=C%2F+BODEGUETES%2C+7+46190\" target=\"_blank\">Veure ubicaci\u00f3<\/a><\/td><\/tr><tr><td><img decoding=\"async\" src=\"\/wp-content\/uploads\/logos_establecimientos\/6914623f289b1.jpg\" style=\" width: 40px; height: 40px; object-fit: contain; border-radius: 50%; vertical-align: middle; margin-right: 6px; \"><a href=\"https:\/\/www.kmbikes.es\/\" target=\"_blank\">KM BIKES<\/a><\/td><td style=\" text-transform: uppercase; \">AV. DE LA PAU, 17 <\/td><td><a href=\"https:\/\/www.google.es\/maps\/?q=AV.+DE+LA+PAU%2C+17++46190\" target=\"_blank\">Veure ubicaci\u00f3<\/a><\/td><\/tr><tr><td><img decoding=\"async\" src=\"\/wp-content\/uploads\/logos_establecimientos\/691591c03cff7.jpg\" style=\" width: 40px; height: 40px; object-fit: contain; border-radius: 50%; vertical-align: middle; margin-right: 6px; \"><a href=\"https:\/\/valenciadventure.com\/\" target=\"_blank\">VALENCIA ADVENTURE<\/a><\/td><td style=\" text-transform: uppercase; \">Cami de les \u00c1nimes 2 <\/td><td><a href=\"https:\/\/www.google.es\/maps\/?q=Cami+de+les+%C3%81nimes+2++46190\" target=\"_blank\">Veure ubicaci\u00f3<\/a><\/td><\/tr><\/table>[\/vc_tta_section][vc_tta_section title=&#8221;FERRETERIA I PARAMENT&#8221; tab_id=&#8221;1f0e3dad99908345f7439f8ffabdffc4&#8243;]<table><tr><th>NOM<\/th><th>DIRECCI\u00d3<\/th><th>UBICACI\u00d3<\/th><\/tr><tr><td><img decoding=\"async\" src=\"\/wp-content\/uploads\/logos_establecimientos\/6914aa91af37c.png\" style=\" width: 40px; height: 40px; object-fit: contain; border-radius: 50%; vertical-align: middle; margin-right: 6px; \"><a href=\"https:\/\/www.cadena88.com\/gimenogermanes\" target=\"_blank\">FERRETERIA GIMENO<\/a><\/td><td style=\" text-transform: uppercase; \">CARRETERA VILAMARXANT, 89<\/td><td><a href=\"https:\/\/www.google.es\/maps\/?q=CARRETERA+VILAMARXANT%2C+89+46190\" target=\"_blank\">Veure ubicaci\u00f3<\/a><\/td><\/tr><tr><td><a href=\"\/\/-\" target=\"_blank\">GARCIA ES&#8230; BRICOLATGE I JARDI, S.L.<\/a><\/td><td style=\" text-transform: uppercase; \">CTRA. VALENCIA, 89<\/td><td><a href=\"https:\/\/www.google.es\/maps\/?q=CTRA.+VALENCIA%2C+89+46190\" target=\"_blank\">Veure ubicaci\u00f3<\/a><\/td><\/tr><tr><td><a href=\"\/\/-\" target=\"_blank\">TOMAS ENGUIX &#8220;FONTANER\u00cdA Y SANEAMIENTO&#8221;<\/a><\/td><td style=\" text-transform: uppercase; \">ARRABAL SECTOR NPR5 MAS D\\&#8217;ESCOTO,4<\/td><td><a href=\"https:\/\/www.google.es\/maps\/?q=ARRABAL+SECTOR+NPR5+MAS+D%5C%27ESCOTO%2C4+46190\" target=\"_blank\">Veure ubicaci\u00f3<\/a><\/td><\/tr><\/table>[\/vc_tta_section][vc_tta_section title=&#8221;FLORS I PLANTES&#8221; tab_id=&#8221;37693cfc748049e45d87b8c7d8b9aacd&#8221;]<p>No hi ha cap comer\u00e7 adherit.<\/p>[\/vc_tta_section][vc_tta_section title=&#8221;GIMNASOS I ENTRENAMENT PERSONAL&#8221; tab_id=&#8221;093f65e080a295f8076b1c5722a46aa2&#8243;]<table><tr><th>NOM<\/th><th>DIRECCI\u00d3<\/th><th>UBICACI\u00d3<\/th><\/tr><tr><td><a href=\"https:\/\/pranamyoga.es\/\" target=\"_blank\">PRANAM YOGA<\/a><\/td><td style=\" text-transform: uppercase; \">C Sagunto 31<\/td><td><a href=\"https:\/\/www.google.es\/maps\/?q=C+Sagunto+31+46190\" target=\"_blank\">Veure ubicaci\u00f3<\/a><\/td><\/tr><tr><td><img decoding=\"async\" src=\"\/wp-content\/uploads\/logos_establecimientos\/6925821f9d0a4.JPG\" style=\" width: 40px; height: 40px; object-fit: contain; border-radius: 50%; vertical-align: middle; margin-right: 6px; \"><a href=\"https:\/\/www.instagram.com\/viuesport\/\" target=\"_blank\">VIUESPORT CLINIC<\/a><\/td><td style=\" text-transform: uppercase; \">CARRETERA DE VALENCIA, 21<\/td><td><a href=\"https:\/\/www.google.es\/maps\/?q=CARRETERA+DE+VALENCIA%2C+21+46190\" target=\"_blank\">Veure ubicaci\u00f3<\/a><\/td><\/tr><\/table>[\/vc_tta_section][vc_tta_section title=&#8221;HERBOLARIS I DIET\u00c8TICA&#8221; tab_id=&#8221;8f14e45fceea167a5a36dedd4bea2543&#8243;]<table><tr><th>NOM<\/th><th>DIRECCI\u00d3<\/th><th>UBICACI\u00d3<\/th><\/tr><tr><td><a href=\"https:\/\/www.instagram.com\/fitnessandhealthribarroja\/\" target=\"_blank\">FITNESS AND HEALTH SC<\/a><\/td><td style=\" text-transform: uppercase; \">C\/ GENERALITAT,7 <\/td><td><a href=\"https:\/\/www.google.es\/maps\/?q=C%2F+GENERALITAT%2C7++46190\" target=\"_blank\">Veure ubicaci\u00f3<\/a><\/td><\/tr><tr><td><img decoding=\"async\" src=\"\/wp-content\/uploads\/logos_establecimientos\/691c5714360ad.png\" style=\" width: 40px; height: 40px; object-fit: contain; border-radius: 50%; vertical-align: middle; margin-right: 6px; \"><a href=\"\/\/-\" target=\"_blank\">HERBES ALICIA<\/a><\/td><td style=\" text-transform: uppercase; \">C\/ MAJOR, 57<\/td><td><a href=\"https:\/\/www.google.es\/maps\/?q=C%2F+MAJOR%2C+57+46190\" target=\"_blank\">Veure ubicaci\u00f3<\/a><\/td><\/tr><tr><td><img decoding=\"async\" src=\"\/wp-content\/uploads\/logos_establecimientos\/69241d521aed3.jpg\" style=\" width: 40px; height: 40px; object-fit: contain; border-radius: 50%; vertical-align: middle; margin-right: 6px; \"><a href=\"\/\/-\" target=\"_blank\">HERBORISTER\u00cdA LA NUEVA BOTICA<\/a><\/td><td style=\" text-transform: uppercase; \">C\/ CRISTO AFLIGIDO, 1<\/td><td><a href=\"https:\/\/www.google.es\/maps\/?q=C%2F+CRISTO+AFLIGIDO%2C+1+46190\" target=\"_blank\">Veure ubicaci\u00f3<\/a><\/td><\/tr><\/table>[\/vc_tta_section][vc_tta_section title=&#8221;IMATGE, SO I TELEFONIA&#8221; tab_id=&#8221;3416a75f4cea9109507cacd8e2f2aefc&#8221;]<table><tr><th>NOM<\/th><th>DIRECCI\u00d3<\/th><th>UBICACI\u00d3<\/th><\/tr><tr><td><img decoding=\"async\" src=\"\/wp-content\/uploads\/logos_establecimientos\/691cac9854e60.jpg\" style=\" width: 40px; height: 40px; object-fit: contain; border-radius: 50%; vertical-align: middle; margin-right: 6px; \"><a href=\"http:\/\/www.cemac.es\" target=\"_blank\">CEMAC ORDENADORES SLU<\/a><\/td><td style=\" text-transform: uppercase; \">PLAZA CONSTITUCION, 14<\/td><td><a href=\"https:\/\/www.google.es\/maps\/?q=PLAZA+CONSTITUCION%2C+14+46190\" target=\"_blank\">Veure ubicaci\u00f3<\/a><\/td><\/tr><\/table>[\/vc_tta_section][vc_tta_section title=&#8221;INSTRUMENTS MUSICALS I ACCESSORIS&#8221; tab_id=&#8221;aab3238922bcc25a6f606eb525ffdc56&#8243;]<p>No hi ha cap comer\u00e7 adherit.<\/p>[\/vc_tta_section][vc_tta_section title=&#8221;JOIERIES, RELLOTGERIA I BIJUTERIA&#8221; tab_id=&#8221;e4da3b7fbbce2345d7772b0674a318d5&#8243;]<table><tr><th>NOM<\/th><th>DIRECCI\u00d3<\/th><th>UBICACI\u00d3<\/th><\/tr><tr><td><img decoding=\"async\" src=\"\/wp-content\/uploads\/logos_establecimientos\/69144bc813325.jpg\" style=\" width: 40px; height: 40px; object-fit: contain; border-radius: 50%; vertical-align: middle; margin-right: 6px; \"><a href=\"https:\/\/www.instagram.com\/andymar_joyeros?utm_source=qr&#038;igsh=mw42dwe4nwpoddgyba==\" target=\"_blank\">JOYERIA ANDYMAR<\/a><\/td><td style=\" text-transform: uppercase; \">CTRA VILLAMARCHANTE N\u00ba 93<\/td><td><a href=\"https:\/\/www.google.es\/maps\/?q=CTRA+VILLAMARCHANTE+N%C2%BA+93+46190\" target=\"_blank\">Veure ubicaci\u00f3<\/a><\/td><\/tr><tr><td><img decoding=\"async\" src=\"\/wp-content\/uploads\/logos_establecimientos\/69136e0d25ffc.jpg\" style=\" width: 40px; height: 40px; object-fit: contain; border-radius: 50%; vertical-align: middle; margin-right: 6px; \"><a href=\"https:\/\/www.joyeriadamali.es\" target=\"_blank\">JOYERIA RELOJERIA D\\&#8217;AMALI<\/a><\/td><td style=\" text-transform: uppercase; \">Ctra. de Villamarchante n\u00ba 63<\/td><td><a href=\"https:\/\/www.google.es\/maps\/?q=Ctra.+de+Villamarchante+n%C2%BA+63+46190\" target=\"_blank\">Veure ubicaci\u00f3<\/a><\/td><\/tr><\/table>[\/vc_tta_section][vc_tta_section title=&#8221;MANUALITATS I BELLES ARTS&#8221; tab_id=&#8221;d67d8ab4f4c10bf22aa353e27879133c&#8221;]<p>No hi ha cap comer\u00e7 adherit.<\/p>[\/vc_tta_section][vc_tta_section title=&#8221;MATERIALES DE CONSTRUCCI\u00d3&#8221; tab_id=&#8221;1ff1de774005f8da13f42943881c655f&#8221;]<p>No hi ha cap comer\u00e7 adherit.<\/p>[\/vc_tta_section][vc_tta_section title=&#8221;MERCERIA I PAQUETERIA&#8221; tab_id=&#8221;eccbc87e4b5ce2fe28308fd9f2a7baf3&#8243;]<p>No hi ha cap comer\u00e7 adherit.<\/p>[\/vc_tta_section][vc_tta_section title=&#8221;MOBLES I M\u00c0QUINES PER A OFICINES&#8221; tab_id=&#8221;4e732ced3463d06de0ca9a15b6153677&#8243;]<table><tr><th>NOM<\/th><th>DIRECCI\u00d3<\/th><th>UBICACI\u00d3<\/th><\/tr><tr><td><a href=\"\/\/-\" target=\"_blank\">APP INFORMATICA RIBARROJA<\/a><\/td><td style=\" text-transform: uppercase; \">CALLE ARROSALS, 2 <\/td><td><a href=\"https:\/\/www.google.es\/maps\/?q=CALLE+ARROSALS%2C+2++46190\" target=\"_blank\">Veure ubicaci\u00f3<\/a><\/td><\/tr><\/table>[\/vc_tta_section][vc_tta_section title=&#8221;MOBLES PER A LA LLAR&#8221; tab_id=&#8221;70efdf2ec9b086079795c442636b55fb&#8221;]<table><tr><th>NOM<\/th><th>DIRECCI\u00d3<\/th><th>UBICACI\u00d3<\/th><\/tr><tr><td><img decoding=\"async\" src=\"\/wp-content\/uploads\/logos_establecimientos\/6914b19c74fff.jpg\" style=\" width: 40px; height: 40px; object-fit: contain; border-radius: 50%; vertical-align: middle; margin-right: 6px; \"><a href=\"https:\/\/dormitienda.com\/\" target=\"_blank\">DORMITIENDA<\/a><\/td><td style=\" text-transform: uppercase; \">CTRA.. DE VILAMARXANT, 69B<\/td><td><a href=\"https:\/\/www.google.es\/maps\/?q=CTRA..+DE+VILAMARXANT%2C+69B+46190\" target=\"_blank\">Veure ubicaci\u00f3<\/a><\/td><\/tr><tr><td><a href=\"\/\/-\" target=\"_blank\">ENSERES<\/a><\/td><td style=\" text-transform: uppercase; \">C\/ Lepanto 10<\/td><td><a href=\"https:\/\/www.google.es\/maps\/?q=C%2F+Lepanto+10+46190\" target=\"_blank\">Veure ubicaci\u00f3<\/a><\/td><\/tr><tr><td><a href=\"https:\/\/flexriba-roja.com\/\" target=\"_blank\">FLEX RIBA-ROJA<\/a><\/td><td style=\" text-transform: uppercase; \">CTRA.VILAMARXANT 123<\/td><td><a href=\"https:\/\/www.google.es\/maps\/?q=CTRA.VILAMARXANT+123+46190\" target=\"_blank\">Veure ubicaci\u00f3<\/a><\/td><\/tr><tr><td><img decoding=\"async\" src=\"\/wp-content\/uploads\/logos_establecimientos\/691777f19c251.png\" style=\" width: 40px; height: 40px; object-fit: contain; border-radius: 50%; vertical-align: middle; margin-right: 6px; \"><a href=\"\/\/@mueblesmoreno\" target=\"_blank\">MUEBLES MORENO<\/a><\/td><td style=\" text-transform: uppercase; \">C\/MAJOR, 59<\/td><td><a href=\"https:\/\/www.google.es\/maps\/?q=C%2FMAJOR%2C+59+46190\" target=\"_blank\">Veure ubicaci\u00f3<\/a><\/td><\/tr><\/table>[\/vc_tta_section][vc_tta_section title=&#8221;\u00d2PTIQUES&#8221; tab_id=&#8221;a5771bce93e200c36f7cd9dfd0e5deaa&#8221;]<table><tr><th>NOM<\/th><th>DIRECCI\u00d3<\/th><th>UBICACI\u00d3<\/th><\/tr><tr><td><img decoding=\"async\" src=\"\/wp-content\/uploads\/logos_establecimientos\/69146eb46f045.jpg\" style=\" width: 40px; height: 40px; object-fit: contain; border-radius: 50%; vertical-align: middle; margin-right: 6px; \"><a href=\"https:\/\/www.instagram.com\/bellisol_opticos?igsh=cwpszmi4c3pmczi4\" target=\"_blank\">BELLISOL OPTICOS<\/a><\/td><td style=\" text-transform: uppercase; \">C. CRISTO AFLIGIDO, 2<\/td><td><a href=\"https:\/\/www.google.es\/maps\/?q=C.+CRISTO+AFLIGIDO%2C+2+46190\" target=\"_blank\">Veure ubicaci\u00f3<\/a><\/td><\/tr><tr><td><img decoding=\"async\" src=\"\/wp-content\/uploads\/logos_establecimientos\/691b49b3eb771.jpg\" style=\" width: 40px; height: 40px; object-fit: contain; border-radius: 50%; vertical-align: middle; margin-right: 6px; \"><a href=\"https:\/\/opticaavinguda.es\/\" target=\"_blank\">OPTICA AVINGUDA<\/a><\/td><td style=\" text-transform: uppercase; \">CTRA. DE VILLAMARXANT, 109<\/td><td><a href=\"https:\/\/www.google.es\/maps\/?q=CTRA.+DE+VILLAMARXANT%2C+109+46190\" target=\"_blank\">Veure ubicaci\u00f3<\/a><\/td><\/tr><tr><td><img decoding=\"async\" src=\"\/wp-content\/uploads\/logos_establecimientos\/691712dcce60c.jpg\" style=\" width: 40px; height: 40px; object-fit: contain; border-radius: 50%; vertical-align: middle; margin-right: 6px; \"><a href=\"https:\/\/opticaliaribaroja.com\/\" target=\"_blank\">OPTICALIA RIBA-ROJA DE T\u00daRIA<\/a><\/td><td style=\" text-transform: uppercase; \">Carretera Vilamarxant, 71<\/td><td><a href=\"https:\/\/www.google.es\/maps\/?q=Carretera+Vilamarxant%2C+71+46190\" target=\"_blank\">Veure ubicaci\u00f3<\/a><\/td><\/tr><\/table>[\/vc_tta_section][vc_tta_section title=&#8221;PAPERERIA, LLIBRES, PERI\u00d2DICS I REVISTES&#8221; tab_id=&#8221;c51ce410c124a10e0db5e4b97fc2af39&#8243;]<table><tr><th>NOM<\/th><th>DIRECCI\u00d3<\/th><th>UBICACI\u00d3<\/th><\/tr><tr><td><img decoding=\"async\" src=\"\/wp-content\/uploads\/logos_establecimientos\/69146891264c9.jpg\" style=\" width: 40px; height: 40px; object-fit: contain; border-radius: 50%; vertical-align: middle; margin-right: 6px; \"><a href=\"\/\/-\" target=\"_blank\">ADEINFO HIPERPAPELER\u00cdA<\/a><\/td><td style=\" text-transform: uppercase; \">ARROSALS , 2<\/td><td><a href=\"https:\/\/www.google.es\/maps\/?q=ARROSALS+%2C+2+46190\" target=\"_blank\">Veure ubicaci\u00f3<\/a><\/td><\/tr><tr><td><img decoding=\"async\" src=\"\/wp-content\/uploads\/logos_establecimientos\/6925f512a6cf8.jpg\" style=\" width: 40px; height: 40px; object-fit: contain; border-radius: 50%; vertical-align: middle; margin-right: 6px; \"><a href=\"\/\/-\" target=\"_blank\">COLOR PLUS CAMP DE TURIA<\/a><\/td><td style=\" text-transform: uppercase; \">CRIST DELS AFLIGITS 3 <\/td><td><a href=\"https:\/\/www.google.es\/maps\/?q=CRIST+DELS+AFLIGITS+3++46190\" target=\"_blank\">Veure ubicaci\u00f3<\/a><\/td><\/tr><tr><td><img decoding=\"async\" src=\"\/wp-content\/uploads\/logos_establecimientos\/691628486ff7a.PNG\" style=\" width: 40px; height: 40px; object-fit: contain; border-radius: 50%; vertical-align: middle; margin-right: 6px; \"><a href=\"https:\/\/libreriaguardiola.com\" target=\"_blank\">LIBRER\u00cdA GUARDIOLA<\/a><\/td><td style=\" text-transform: uppercase; \">Carretera de Valencia 50 <\/td><td><a href=\"https:\/\/www.google.es\/maps\/?q=Carretera+de+Valencia+50++46190\" target=\"_blank\">Veure ubicaci\u00f3<\/a><\/td><\/tr><\/table>[\/vc_tta_section][vc_tta_section title=&#8221;PECES DE VESTIR I COMPLEMENTS&#8221; tab_id=&#8221;c81e728d9d4c2f636f067f89cc14862c&#8221;]<table><tr><th>NOM<\/th><th>DIRECCI\u00d3<\/th><th>UBICACI\u00d3<\/th><\/tr><tr><td><img decoding=\"async\" src=\"\/wp-content\/uploads\/logos_establecimientos\/691624f349743.jpeg\" style=\" width: 40px; height: 40px; object-fit: contain; border-radius: 50%; vertical-align: middle; margin-right: 6px; \">EUROFAMILIA &#8211; MODA<\/td><td style=\" text-transform: uppercase; \">Ctra Valencia 85<\/td><td><a href=\"https:\/\/www.google.es\/maps\/?q=Ctra+Valencia+85+46190\" target=\"_blank\">Veure ubicaci\u00f3<\/a><\/td><\/tr><tr><td><img decoding=\"async\" src=\"\/wp-content\/uploads\/logos_establecimientos\/691b6d78d56dc.jpg\" style=\" width: 40px; height: 40px; object-fit: contain; border-radius: 50%; vertical-align: middle; margin-right: 6px; \"><a href=\"https:\/\/miartedanza.com\/\" target=\"_blank\">MI ARTE<\/a><\/td><td style=\" text-transform: uppercase; \">Calle Bodeguetes,97<\/td><td><a href=\"https:\/\/www.google.es\/maps\/?q=Calle+Bodeguetes%2C97+46190\" target=\"_blank\">Veure ubicaci\u00f3<\/a><\/td><\/tr><tr><td><a href=\"\/\/-\" target=\"_blank\">MI PRIMERA CUNA<\/a><\/td><td style=\" text-transform: uppercase; \">CARRER MAJOR, 78<\/td><td><a href=\"https:\/\/www.google.es\/maps\/?q=CARRER+MAJOR%2C+78+46190\" target=\"_blank\">Veure ubicaci\u00f3<\/a><\/td><\/tr><\/table>[\/vc_tta_section][vc_tta_section title=&#8221;PERFUMERIA I COSM\u00c8TICS&#8221; tab_id=&#8221;1679091c5a880faf6fb5e6087eb1b2dc&#8221;]<table><tr><th>NOM<\/th><th>DIRECCI\u00d3<\/th><th>UBICACI\u00d3<\/th><\/tr><tr><td><a href=\"\/\/-\" target=\"_blank\">FARMACIA ISABEL BIGORRA<\/a><\/td><td style=\" text-transform: uppercase; \">CARRER MAJOR, 46<\/td><td><a href=\"https:\/\/www.google.es\/maps\/?q=CARRER+MAJOR%2C+46+46190\" target=\"_blank\">Veure ubicaci\u00f3<\/a><\/td><\/tr><tr><td><a href=\"\/\/-\" target=\"_blank\">FARMACIA JOSE PASCUAL ALBERT SANCHIS<\/a><\/td><td style=\" text-transform: uppercase; \">CARRETERA VILLAMARCHANTE, 111<\/td><td><a href=\"https:\/\/www.google.es\/maps\/?q=CARRETERA+VILLAMARCHANTE%2C+111+46190\" target=\"_blank\">Veure ubicaci\u00f3<\/a><\/td><\/tr><tr><td><img decoding=\"async\" src=\"\/wp-content\/uploads\/logos_establecimientos\/6917326549791.png\" style=\" width: 40px; height: 40px; object-fit: contain; border-radius: 50%; vertical-align: middle; margin-right: 6px; \"><a href=\"https:\/\/www.instagram.com\/farmaciasanchisribarroja\/?hl=es\" target=\"_blank\">FARMAORTOPEDIA SANCHIS<\/a><\/td><td style=\" text-transform: uppercase; \">CTRA. VILLAMARCHANTE, 85<\/td><td><a href=\"https:\/\/www.google.es\/maps\/?q=CTRA.+VILLAMARCHANTE%2C+85+46190\" target=\"_blank\">Veure ubicaci\u00f3<\/a><\/td><\/tr><tr><td><img decoding=\"async\" src=\"\/wp-content\/uploads\/logos_establecimientos\/69134e5bc409b.png\" style=\" width: 40px; height: 40px; object-fit: contain; border-radius: 50%; vertical-align: middle; margin-right: 6px; \"><a href=\"https:\/\/fisiofarma.es\/\" target=\"_blank\">FISIOFARMA<\/a><\/td><td style=\" text-transform: uppercase; \">CARRETERA DE VALENCIA, 76<\/td><td><a href=\"https:\/\/www.google.es\/maps\/?q=CARRETERA+DE+VALENCIA%2C+76+46190\" target=\"_blank\">Veure ubicaci\u00f3<\/a><\/td><\/tr><\/table>[\/vc_tta_section][vc_tta_section title=&#8221;PERRUQUERIES&#8221; tab_id=&#8221;72b32a1f754ba1c09b3695e0cb6cde7f&#8221;]<table><tr><th>NOM<\/th><th>DIRECCI\u00d3<\/th><th>UBICACI\u00d3<\/th><\/tr><tr><td><img decoding=\"async\" src=\"\/wp-content\/uploads\/logos_establecimientos\/6916ecbf44bed.jpg\" style=\" width: 40px; height: 40px; object-fit: contain; border-radius: 50%; vertical-align: middle; margin-right: 6px; \"><a href=\"\/\/-\" target=\"_blank\">ALICIA  FERNANDEZ TORRES<\/a><\/td><td style=\" text-transform: uppercase; \">C. SAGUNTO, 49<\/td><td><a href=\"https:\/\/www.google.es\/maps\/?q=C.+SAGUNTO%2C+49+46190\" target=\"_blank\">Veure ubicaci\u00f3<\/a><\/td><\/tr><tr><td><img decoding=\"async\" src=\"\/wp-content\/uploads\/logos_establecimientos\/6914601d36a7b.jpg\" style=\" width: 40px; height: 40px; object-fit: contain; border-radius: 50%; vertical-align: middle; margin-right: 6px; \"><a href=\"\/\/-\" target=\"_blank\">ISC PELUQUEROS<\/a><\/td><td style=\" text-transform: uppercase; \">CR. VILLAMARCHANTE, 80<\/td><td><a href=\"https:\/\/www.google.es\/maps\/?q=CR.+VILLAMARCHANTE%2C+80+46190\" target=\"_blank\">Veure ubicaci\u00f3<\/a><\/td><\/tr><tr><td><img decoding=\"async\" src=\"\/wp-content\/uploads\/logos_establecimientos\/691473ed710f2.JPG\" style=\" width: 40px; height: 40px; object-fit: contain; border-radius: 50%; vertical-align: middle; margin-right: 6px; \"><a href=\"\/\/@NEXOSTILISTES\" target=\"_blank\">NEXO STILISTES<\/a><\/td><td style=\" text-transform: uppercase; \">calle carretera villamarchante 121 <\/td><td><a href=\"https:\/\/www.google.es\/maps\/?q=calle+carretera+villamarchante+121++46190\" target=\"_blank\">Veure ubicaci\u00f3<\/a><\/td><\/tr><tr><td><img decoding=\"async\" src=\"\/wp-content\/uploads\/logos_establecimientos\/6916deb2cfeba.jpg\" style=\" width: 40px; height: 40px; object-fit: contain; border-radius: 50%; vertical-align: middle; margin-right: 6px; \"><a href=\"https:\/\/www.instagram.com\/nizaloreal\/\" target=\"_blank\">NIZA<\/a><\/td><td style=\" text-transform: uppercase; \">CALLE JOAN MARTORELL, 34<\/td><td><a href=\"https:\/\/www.google.es\/maps\/?q=CALLE+JOAN+MARTORELL%2C+34+46190\" target=\"_blank\">Veure ubicaci\u00f3<\/a><\/td><\/tr><tr><td><img decoding=\"async\" src=\"\/wp-content\/uploads\/logos_establecimientos\/69144b8e30ae6.png\" style=\" width: 40px; height: 40px; object-fit: contain; border-radius: 50%; vertical-align: middle; margin-right: 6px; \"><a href=\"https:\/\/lapeluweb.com\/\" target=\"_blank\">PELUQUER\u00cdA LA PELU<\/a><\/td><td style=\" text-transform: uppercase; \">C. MUNTANYA, 21<\/td><td><a href=\"https:\/\/www.google.es\/maps\/?q=C.+MUNTANYA%2C+21+46190\" target=\"_blank\">Veure ubicaci\u00f3<\/a><\/td><\/tr><tr><td><img decoding=\"async\" src=\"\/wp-content\/uploads\/logos_establecimientos\/691b044eb1e63.jpg\" style=\" width: 40px; height: 40px; object-fit: contain; border-radius: 50%; vertical-align: middle; margin-right: 6px; \"><a href=\"\/\/-\" target=\"_blank\">STYLOS PONCE C.B.<\/a><\/td><td style=\" text-transform: uppercase; \">CL DOCTOR FLEMING, 13<\/td><td><a href=\"https:\/\/www.google.es\/maps\/?q=CL+DOCTOR+FLEMING%2C+13+46190\" target=\"_blank\">Veure ubicaci\u00f3<\/a><\/td><\/tr><tr><td><img decoding=\"async\" src=\"\/wp-content\/uploads\/logos_establecimientos\/6914689f7473f.jpg\" style=\" width: 40px; height: 40px; object-fit: contain; border-radius: 50%; vertical-align: middle; margin-right: 6px; \"><a href=\"\/\/-\" target=\"_blank\">TISORES<\/a><\/td><td style=\" text-transform: uppercase; \">CARRER MAJOR, 49<\/td><td><a href=\"https:\/\/www.google.es\/maps\/?q=CARRER+MAJOR%2C+49+46190\" target=\"_blank\">Veure ubicaci\u00f3<\/a><\/td><\/tr><\/table>[\/vc_tta_section][vc_tta_section title=&#8221;PRODUCTES ARTESANS&#8221; tab_id=&#8221;d645920e395fedad7bbbed0eca3fe2e0&#8243;]<table><tr><th>NOM<\/th><th>DIRECCI\u00d3<\/th><th>UBICACI\u00d3<\/th><\/tr><tr><td><a href=\"https:\/\/www.bing.com\/ck\/a?!&#038;&#038;p=19ebf974e237fbbcb01ab4a5dd4a001b86727fb5bb5c0b576e72c30179fa97f4jmltdhm9mtc2mzmznzywma&#038;ptn=3&#038;ver=2&#038;hsh=4&#038;fclid=3270d00b-86a6-6d4b-0b64-c53487126cf3&#038;psq=%40florynata_eco_gurmet&#038;u=a1ahr0chm6ly93d3cuaw5zdgfncmftlmnvbs9mbg9yew5h\" target=\"_blank\">FLORYNATA ECO GOURMET<\/a><\/td><td style=\" text-transform: uppercase; \">Circular, 18<\/td><td><a href=\"https:\/\/www.google.es\/maps\/?q=Circular%2C+18+46190\" target=\"_blank\">Veure ubicaci\u00f3<\/a><\/td><\/tr><tr><td><img decoding=\"async\" src=\"\/wp-content\/uploads\/logos_establecimientos\/691472fd4ae53.png\" style=\" width: 40px; height: 40px; object-fit: contain; border-radius: 50%; vertical-align: middle; margin-right: 6px; \"><a href=\"https:\/\/puntapunt.es\/\" target=\"_blank\">PUNT A PUNT<\/a><\/td><td style=\" text-transform: uppercase; \">C\/ Major, 76<\/td><td><a href=\"https:\/\/www.google.es\/maps\/?q=C%2F+Major%2C+76+46190\" target=\"_blank\">Veure ubicaci\u00f3<\/a><\/td><\/tr><\/table>[\/vc_tta_section][vc_tta_section title=&#8221;PRODUCTES I SERVEIS PER A ANIMALS&#8221; tab_id=&#8221;b6d767d2f8ed5d21a44b0e5886680cb9&#8243;]<table><tr><th>NOM<\/th><th>DIRECCI\u00d3<\/th><th>UBICACI\u00d3<\/th><\/tr><tr><td><a href=\"\/\/-\" target=\"_blank\">ANIMALADAS O.E.<\/a><\/td><td style=\" text-transform: uppercase; \">CARRETERA DE VALENCIA, 84<\/td><td><a href=\"https:\/\/www.google.es\/maps\/?q=CARRETERA+DE+VALENCIA%2C+84+46190\" target=\"_blank\">Veure ubicaci\u00f3<\/a><\/td><\/tr><tr><td><img decoding=\"async\" src=\"\/wp-content\/uploads\/logos_establecimientos\/691451176e8ac.png\" style=\" width: 40px; height: 40px; object-fit: contain; border-radius: 50%; vertical-align: middle; margin-right: 6px; \"><a href=\"https:\/\/interzoo.es\/\" target=\"_blank\">INTERZOO<\/a><\/td><td style=\" text-transform: uppercase; \"> Ctra. de Vilamarxant, 86<\/td><td><a href=\"https:\/\/www.google.es\/maps\/?q=+Ctra.+de+Vilamarxant%2C+86+46190\" target=\"_blank\">Veure ubicaci\u00f3<\/a><\/td><\/tr><tr><td><img decoding=\"async\" src=\"\/wp-content\/uploads\/logos_establecimientos\/691363dee3cb4.jpg\" style=\" width: 40px; height: 40px; object-fit: contain; border-radius: 50%; vertical-align: middle; margin-right: 6px; \"><a href=\"https:\/\/mascotasreva.es\/\" target=\"_blank\">MASCOTAS REVA<\/a><\/td><td style=\" text-transform: uppercase; \">AVENIDA DE LOS NARANJOS, 10<\/td><td><a href=\"https:\/\/www.google.es\/maps\/?q=AVENIDA+DE+LOS+NARANJOS%2C+10+46190\" target=\"_blank\">Veure ubicaci\u00f3<\/a><\/td><\/tr><\/table>[\/vc_tta_section][vc_tta_section title=&#8221;PROFESSIONALS DE L&#8217;ENSENYAMENT I ACAD\u00c8MIES&#8221; tab_id=&#8221;f457c545a9ded88f18ecee47145a72c0&#8243;]<table><tr><th>NOM<\/th><th>DIRECCI\u00d3<\/th><th>UBICACI\u00d3<\/th><\/tr><tr><td><a href=\"\/\/-\" target=\"_blank\">AUTOESCUELA DAVID MORENO<\/a><\/td><td style=\" text-transform: uppercase; \">AV. DE LA PAU, 17<\/td><td><a href=\"https:\/\/www.google.es\/maps\/?q=AV.+DE+LA+PAU%2C+17+46190\" target=\"_blank\">Veure ubicaci\u00f3<\/a><\/td><\/tr><\/table>[\/vc_tta_section][vc_tta_section title=&#8221;PROFESSIONALS DE LA SANITAT&#8221; tab_id=&#8221;c0c7c76d30bd3dcaefc96f40275bdc0a&#8221;]<table><tr><th>NOM<\/th><th>DIRECCI\u00d3<\/th><th>UBICACI\u00d3<\/th><\/tr><tr><td><img decoding=\"async\" src=\"\/wp-content\/uploads\/logos_establecimientos\/69136432b32c0.png\" style=\" width: 40px; height: 40px; object-fit: contain; border-radius: 50%; vertical-align: middle; margin-right: 6px; \"><a href=\"\/\/@clinica_alifac\" target=\"_blank\">CL\u00cdNICA ALIFAC<\/a><\/td><td style=\" text-transform: uppercase; \">CARRETERA DE VILAMARXANT 20<\/td><td><a href=\"https:\/\/www.google.es\/maps\/?q=CARRETERA+DE+VILAMARXANT+20+46190\" target=\"_blank\">Veure ubicaci\u00f3<\/a><\/td><\/tr><tr><td><img decoding=\"async\" src=\"\/wp-content\/uploads\/logos_establecimientos\/6914cf6f3f3a0.png\" style=\" width: 40px; height: 40px; object-fit: contain; border-radius: 50%; vertical-align: middle; margin-right: 6px; \"><a href=\"https:\/\/www.clinicaguzman.com\/\" target=\"_blank\">CLINICA GUZMAN<\/a><\/td><td style=\" text-transform: uppercase; \">Carretera Vilamarxant, 121<\/td><td><a href=\"https:\/\/www.google.es\/maps\/?q=Carretera+Vilamarxant%2C+121+46190\" target=\"_blank\">Veure ubicaci\u00f3<\/a><\/td><\/tr><tr><td><img decoding=\"async\" src=\"\/wp-content\/uploads\/logos_establecimientos\/69160bb05ebae.png\" style=\" width: 40px; height: 40px; object-fit: contain; border-radius: 50%; vertical-align: middle; margin-right: 6px; \"><a href=\"https:\/\/www.clinicanativ.com\" target=\"_blank\">CL\u00cdNICA NATIV<\/a><\/td><td style=\" text-transform: uppercase; \">Pizarro 50 <\/td><td><a href=\"https:\/\/www.google.es\/maps\/?q=Pizarro+50++46190\" target=\"_blank\">Veure ubicaci\u00f3<\/a><\/td><\/tr><tr><td><a href=\"https:\/\/kineticrb.es\/\" target=\"_blank\">KINETIC RB<\/a><\/td><td style=\" text-transform: uppercase; \">CARRETERA DE VILAMARXANT, 110<\/td><td><a href=\"https:\/\/www.google.es\/maps\/?q=CARRETERA+DE+VILAMARXANT%2C+110+46190\" target=\"_blank\">Veure ubicaci\u00f3<\/a><\/td><\/tr><\/table>[\/vc_tta_section][vc_tta_section title=&#8221;REPARACI\u00d3 D&#8217;ARTICLES ELECTR\u00d2NICS&#8221; tab_id=&#8221;67c6a1e7ce56d3d6fa748ab6d9af3fd7&#8243;]<p>No hi ha cap comer\u00e7 adherit.<\/p>[\/vc_tta_section][vc_tta_section title=&#8221;REPARACI\u00d3 DE CAL\u00c7AT&#8221; tab_id=&#8221;c16a5320fa475530d9583c34fd356ef5&#8243;]<p>No hi ha cap comer\u00e7 adherit.<\/p>[\/vc_tta_section][vc_tta_section title=&#8221;REPARACI\u00d3 I ARRANJAMENT DE ROBA&#8221; tab_id=&#8221;6364d3f0f495b6ab9dcf8d3b5c6e0b01&#8243;]<p>No hi ha cap comer\u00e7 adherit.<\/p>[\/vc_tta_section][vc_tta_section title=&#8221;SAFAREIG DE VEHICLES&#8221; tab_id=&#8221;b53b3a3d6ab90ce0268229151c9bde11&#8243;]<p>No hi ha cap comer\u00e7 adherit.<\/p>[\/vc_tta_section][vc_tta_section title=&#8221;SALONS DE BELLESA, MAQUILLADORS I ESTETICISTES&#8221; tab_id=&#8221;66f041e16a60928b05a7e228a89c3799&#8243;]<table><tr><th>NOM<\/th><th>DIRECCI\u00d3<\/th><th>UBICACI\u00d3<\/th><\/tr><tr><td><img decoding=\"async\" src=\"\/wp-content\/uploads\/logos_establecimientos\/69146b6cc6340.jpg\" style=\" width: 40px; height: 40px; object-fit: contain; border-radius: 50%; vertical-align: middle; margin-right: 6px; \"><a href=\"https:\/\/broncersunribarroja.com\/\" target=\"_blank\">BRONCERSUN<\/a><\/td><td style=\" text-transform: uppercase; \">CALLE ELS ANGELS, 14 <\/td><td><a href=\"https:\/\/www.google.es\/maps\/?q=CALLE+ELS+ANGELS%2C+14++46190\" target=\"_blank\">Veure ubicaci\u00f3<\/a><\/td><\/tr><tr><td><a href=\"https:\/\/www.instagram.com\/lamasbonitaribarroja?igsh=c201y2jsa3l1zgp1\" target=\"_blank\">LA M\u00c1S BONITA RIBARROJA<\/a><\/td><td style=\" text-transform: uppercase; \">CARRER MAJOR, 136<\/td><td><a href=\"https:\/\/www.google.es\/maps\/?q=CARRER+MAJOR%2C+136+46190\" target=\"_blank\">Veure ubicaci\u00f3<\/a><\/td><\/tr><tr><td><img decoding=\"async\" src=\"\/wp-content\/uploads\/logos_establecimientos\/69147b2abfbcc.png\" style=\" width: 40px; height: 40px; object-fit: contain; border-radius: 50%; vertical-align: middle; margin-right: 6px; \"><a href=\"http:\/\/koishort.com\/8kgw8lq\" target=\"_blank\">MESTETIC<\/a><\/td><td style=\" text-transform: uppercase; \">carretera villamarchante,54<\/td><td><a href=\"https:\/\/www.google.es\/maps\/?q=carretera+villamarchante%2C54+46190\" target=\"_blank\">Veure ubicaci\u00f3<\/a><\/td><\/tr><tr><td><img decoding=\"async\" src=\"\/wp-content\/uploads\/logos_establecimientos\/691a245cac141.jpg\" style=\" width: 40px; height: 40px; object-fit: contain; border-radius: 50%; vertical-align: middle; margin-right: 6px; \"><a href=\"https:\/\/www.instagram.com\/salonbellezarosa\/\" target=\"_blank\">SALON DE BELLEZA ROSA<\/a><\/td><td style=\" text-transform: uppercase; \">AVDA. DE LA PAU, 2<\/td><td><a href=\"https:\/\/www.google.es\/maps\/?q=AVDA.+DE+LA+PAU%2C+2+46190\" target=\"_blank\">Veure ubicaci\u00f3<\/a><\/td><\/tr><tr><td><img decoding=\"async\" src=\"\/wp-content\/uploads\/logos_establecimientos\/6914cfbac1ab5.jpeg\" style=\" width: 40px; height: 40px; object-fit: contain; border-radius: 50%; vertical-align: middle; margin-right: 6px; \"><a href=\"\/\/@sense_pels\" target=\"_blank\">SENSEPELS<\/a><\/td><td style=\" text-transform: uppercase; \">Carretera Villamarchante,80<\/td><td><a href=\"https:\/\/www.google.es\/maps\/?q=Carretera+Villamarchante%2C80+46190\" target=\"_blank\">Veure ubicaci\u00f3<\/a><\/td><\/tr><tr><td><img decoding=\"async\" src=\"\/wp-content\/uploads\/logos_establecimientos\/691b9211b7cde.jpg\" style=\" width: 40px; height: 40px; object-fit: contain; border-radius: 50%; vertical-align: middle; margin-right: 6px; \"><a href=\"https:\/\/vintungles.es\/\" target=\"_blank\">VINTUNGLES &#8211; SAL\u00d3N DE U\u00d1AS<\/a><\/td><td style=\" text-transform: uppercase; \">Carrer Vivers, 7<\/td><td><a href=\"https:\/\/www.google.es\/maps\/?q=Carrer+Vivers%2C+7+46190\" target=\"_blank\">Veure ubicaci\u00f3<\/a><\/td><\/tr><\/table>[\/vc_tta_section][vc_tta_section title=&#8221;SERVEIS D&#8217;ENMARCACI\u00d3&#8221; tab_id=&#8221;1c383cd30b7c298ab50293adfecb7b18&#8243;]<p>No hi ha cap comer\u00e7 adherit.<\/p>[\/vc_tta_section][vc_tta_section title=&#8221;SERVEIS FOTOGR\u00c0FICS&#8221; tab_id=&#8221;e369853df766fa44e1ed0ff613f563bd&#8221;]<table><tr><th>NOM<\/th><th>DIRECCI\u00d3<\/th><th>UBICACI\u00d3<\/th><\/tr><tr><td><img decoding=\"async\" src=\"\/wp-content\/uploads\/logos_establecimientos\/691b4ef1d76d1.jpg\" style=\" width: 40px; height: 40px; object-fit: contain; border-radius: 50%; vertical-align: middle; margin-right: 6px; \"><a href=\"https:\/\/www.brisaestudio.com\/navidad\/\" target=\"_blank\">JAVIER BRISA FOT\u00d3GRAFO<\/a><\/td><td style=\" text-transform: uppercase; \">C. MIGUEL DE CERVANTES, 25<\/td><td><a href=\"https:\/\/www.google.es\/maps\/?q=C.+MIGUEL+DE+CERVANTES%2C+25+46190\" target=\"_blank\">Veure ubicaci\u00f3<\/a><\/td><\/tr><tr><td><a href=\"https:\/\/www.instagram.com\/silviariberafotografa\/\" target=\"_blank\">SILVIA RIBERA FOT\u00d3GRAFA<\/a><\/td><td style=\" text-transform: uppercase; \">Pizarro,13<\/td><td><a href=\"https:\/\/www.google.es\/maps\/?q=Pizarro%2C13+46190\" target=\"_blank\">Veure ubicaci\u00f3<\/a><\/td><\/tr><\/table>[\/vc_tta_section][vc_tta_section title=&#8221;TALLERS DE REPARACI\u00d3 DE VEHICLES&#8221; tab_id=&#8221;d9d4f495e875a2e075a1a4a6e1b9770f&#8221;]<table><tr><th>NOM<\/th><th>DIRECCI\u00d3<\/th><th>UBICACI\u00d3<\/th><\/tr><tr><td><a href=\"\/\/-\" target=\"_blank\">ARNAU MOTOR<\/a><\/td><td style=\" text-transform: uppercase; \">CTRA. VILAMARXANT, 65<\/td><td><a href=\"https:\/\/www.google.es\/maps\/?q=CTRA.+VILAMARXANT%2C+65+46190\" target=\"_blank\">Veure ubicaci\u00f3<\/a><\/td><\/tr><tr><td><a href=\"\/\/-\" target=\"_blank\">AUTO LLACER<\/a><\/td><td style=\" text-transform: uppercase; \">CTRA VILLAMARCHANTE N\u00ba 77<\/td><td><a href=\"https:\/\/www.google.es\/maps\/?q=CTRA+VILLAMARCHANTE+N%C2%BA+77+46190\" target=\"_blank\">Veure ubicaci\u00f3<\/a><\/td><\/tr><tr><td><a href=\"https:\/\/www.instagram.com\/autorrescate_virolla\/\" target=\"_blank\">AUTORRESCATE VIROLLA<\/a><\/td><td style=\" text-transform: uppercase; \">CARRETERA DE VALENCIA, 100<\/td><td><a href=\"https:\/\/www.google.es\/maps\/?q=CARRETERA+DE+VALENCIA%2C+100+46190\" target=\"_blank\">Veure ubicaci\u00f3<\/a><\/td><\/tr><tr><td><img decoding=\"async\" src=\"\/wp-content\/uploads\/logos_establecimientos\/691b56e2dc21e.png\" style=\" width: 40px; height: 40px; object-fit: contain; border-radius: 50%; vertical-align: middle; margin-right: 6px; \"><a href=\"\/\/-\" target=\"_blank\">JUMICAR RAPID S.L.<\/a><\/td><td style=\" text-transform: uppercase; \">C\/ SEQUIA DEL QUINT, 6<\/td><td><a href=\"https:\/\/www.google.es\/maps\/?q=C%2F+SEQUIA+DEL+QUINT%2C+6+46190\" target=\"_blank\">Veure ubicaci\u00f3<\/a><\/td><\/tr><tr><td><img decoding=\"async\" src=\"\/wp-content\/uploads\/logos_establecimientos\/69201c120303b.jpg\" style=\" width: 40px; height: 40px; object-fit: contain; border-radius: 50%; vertical-align: middle; margin-right: 6px; \"><a href=\"https:\/\/www.sebriauto.es\/\" target=\"_blank\">SEBRIAUTO 2000, S.L.L.<\/a><\/td><td style=\" text-transform: uppercase; \">CRTA.VILLAMARCHANTE, 119<\/td><td><a href=\"https:\/\/www.google.es\/maps\/?q=CRTA.VILLAMARCHANTE%2C+119+46190\" target=\"_blank\">Veure ubicaci\u00f3<\/a><\/td><\/tr><tr><td><img decoding=\"async\" src=\"\/wp-content\/uploads\/logos_establecimientos\/6915baebd136d.png\" style=\" width: 40px; height: 40px; object-fit: contain; border-radius: 50%; vertical-align: middle; margin-right: 6px; \"><a href=\"https:\/\/www.talleresribarroja.com\/\" target=\"_blank\">TALLERES RIBARROJA, S.L.<\/a><\/td><td style=\" text-transform: uppercase; \">CRTA. VALENCIA, 75<\/td><td><a href=\"https:\/\/www.google.es\/maps\/?q=CRTA.+VALENCIA%2C+75+46190\" target=\"_blank\">Veure ubicaci\u00f3<\/a><\/td><\/tr><tr><td><img decoding=\"async\" src=\"\/wp-content\/uploads\/logos_establecimientos\/692ecd947257d.jpg\" style=\" width: 40px; height: 40px; object-fit: contain; border-radius: 50%; vertical-align: middle; margin-right: 6px; \"><a href=\"\/\/-\" target=\"_blank\">TOMAS ROSELLO<\/a><\/td><td style=\" text-transform: uppercase; \">CARRETERA DE VALENCIA, 67<\/td><td><a href=\"https:\/\/www.google.es\/maps\/?q=CARRETERA+DE+VALENCIA%2C+67+46190\" target=\"_blank\">Veure ubicaci\u00f3<\/a><\/td><\/tr><\/table>[\/vc_tta_section][vc_tta_section title=&#8221;TAPICERIES&#8221; tab_id=&#8221;9a1158154dfa42caddbd0694a4e9bdc8&#8243;]<p>No hi ha cap comer\u00e7 adherit.<\/p>[\/vc_tta_section][vc_tta_section title=&#8221;TAXIS&#8221; tab_id=&#8221;a684eceee76fc522773286a895bc8436&#8243;]<p>No hi ha cap comer\u00e7 adherit.<\/p>[\/vc_tta_section][vc_tta_section title=&#8221;T\u00c8XTILS, DECORACI\u00d3 I ADORNS PER A LA LLAR&#8221; tab_id=&#8221;98f13708210194c475687be6106a3b84&#8243;]<table><tr><th>NOM<\/th><th>DIRECCI\u00d3<\/th><th>UBICACI\u00d3<\/th><\/tr><tr><td><img decoding=\"async\" src=\"\/wp-content\/uploads\/logos_establecimientos\/6915c21e94fd1.png\" style=\" width: 40px; height: 40px; object-fit: contain; border-radius: 50%; vertical-align: middle; margin-right: 6px; \"><a href=\"\/\/-\" target=\"_blank\">HOGAR DECORACI\u00d3N MAC<\/a><\/td><td style=\" text-transform: uppercase; \">CARRETERA VILLAMARCHANTE 75 <\/td><td><a href=\"https:\/\/www.google.es\/maps\/?q=CARRETERA+VILLAMARCHANTE+75++46190\" target=\"_blank\">Veure ubicaci\u00f3<\/a><\/td><\/tr><\/table>[\/vc_tta_section][vc_tta_section title=&#8221;VEHICLES, ACCESSORIS I PECES DE RECANVI&#8221; tab_id=&#8221;6c8349cc7260ae62e3b1396831a8398f&#8221;]<p>No hi ha cap comer\u00e7 adherit.<\/p>[\/vc_tta_section][\/vc_tta_accordion][\/vc_column][\/vc_row][\/vc_column][\/vc_row]<\/p>\n","protected":false},"excerpt":{"rendered":"<p>[vc_row full_width=&#8221;stretch_row&#8221; disable_element=&#8221;yes&#8221; el_class=&#8221;encuentra_establecimiento&#8221;][vc_column][vc_column_text] En construcci\u00f3 En breu estar\u00e0 disponible [\/vc_column_text][\/vc_column][\/vc_row][vc_row full_width=&#8221;stretch_row&#8221; el_class=&#8221;encuentra_establecimiento&#8221;][vc_column][vc_column_text] Consulta els establiments adherits Troba el lloc m\u00e9s pr\u00f2xim per a gastar el teu bo [\/vc_column_text][vc_row_inner][vc_column_inner width=&#8221;1\/6&#8243;][\/vc_column_inner][vc_column_inner width=&#8221;2\/3&#8243;][\/vc_column_inner][vc_column_inner width=&#8221;1\/6&#8243;][\/vc_column_inner][\/vc_row_inner][\/vc_column][\/vc_row][vc_row el_class=&#8221;acordeon_comercios&#8221;][vc_column][\/vc_column][\/vc_row]<\/p>\n","protected":false},"author":5,"featured_media":0,"parent":0,"menu_order":0,"comment_status":"closed","ping_status":"closed","template":"","meta":{"footnotes":""},"class_list":["post-276","page","type-page","status-publish","hentry"],"yoast_head":"<!-- This site is optimized with the Yoast SEO plugin v26.4 - https:\/\/yoast.com\/wordpress\/plugins\/seo\/ -->\n<title>Comer\u00e7os adherits - Bo Comer\u00e7 ValenciaBo Comer\u00e7 Valencia<\/title>\n<meta name=\"robots\" content=\"index, follow, max-snippet:-1, max-image-preview:large, max-video-preview:-1\" \/>\n<link rel=\"canonical\" href=\"https:\/\/bonocomercioribarroja.com\/va\/comercos-adherits\/\" \/>\n<meta property=\"og:locale\" content=\"en_US\" \/>\n<meta property=\"og:type\" content=\"article\" \/>\n<meta property=\"og:title\" content=\"Comer\u00e7os adherits - Bo Comer\u00e7 ValenciaBo Comer\u00e7 Valencia\" \/>\n<meta property=\"og:description\" content=\"[vc_row full_width=&#8221;stretch_row&#8221; disable_element=&#8221;yes&#8221; el_class=&#8221;encuentra_establecimiento&#8221;][vc_column][vc_column_text] En construcci\u00f3 En breu estar\u00e0 disponible [\/vc_column_text][\/vc_column][\/vc_row][vc_row full_width=&#8221;stretch_row&#8221; el_class=&#8221;encuentra_establecimiento&#8221;][vc_column][vc_column_text] Consulta els establiments adherits Troba el lloc m\u00e9s pr\u00f2xim per a gastar el teu bo [\/vc_column_text][vc_row_inner][vc_column_inner width=&#8221;1\/6&#8243;][\/vc_column_inner][vc_column_inner width=&#8221;2\/3&#8243;][\/vc_column_inner][vc_column_inner width=&#8221;1\/6&#8243;][\/vc_column_inner][\/vc_row_inner][\/vc_column][\/vc_row][vc_row el_class=&#8221;acordeon_comercios&#8221;][vc_column][\/vc_column][\/vc_row]\" \/>\n<meta property=\"og:url\" content=\"https:\/\/bonocomercioribarroja.com\/va\/comercos-adherits\/\" \/>\n<meta property=\"og:site_name\" content=\"Bo Comer\u00e7 ValenciaBo Comer\u00e7 Valencia\" \/>\n<meta property=\"article:modified_time\" content=\"2023-10-26T12:43:05+00:00\" \/>\n<meta name=\"twitter:card\" content=\"summary_large_image\" \/>\n<meta name=\"twitter:label1\" content=\"Est. reading time\" \/>\n\t<meta name=\"twitter:data1\" content=\"1 minute\" \/>\n<script type=\"application\/ld+json\" class=\"yoast-schema-graph\">{\"@context\":\"https:\/\/schema.org\",\"@graph\":[{\"@type\":\"WebPage\",\"@id\":\"https:\/\/bonocomercioribarroja.com\/va\/comercos-adherits\/\",\"url\":\"https:\/\/bonocomercioribarroja.com\/va\/comercos-adherits\/\",\"name\":\"Comer\u00e7os adherits - Bo Comer\u00e7 ValenciaBo Comer\u00e7 Valencia\",\"isPartOf\":{\"@id\":\"https:\/\/bonocomercioribarroja.com\/#website\"},\"datePublished\":\"2021-09-09T10:02:13+00:00\",\"dateModified\":\"2023-10-26T12:43:05+00:00\",\"breadcrumb\":{\"@id\":\"https:\/\/bonocomercioribarroja.com\/va\/comercos-adherits\/#breadcrumb\"},\"inLanguage\":\"va\",\"potentialAction\":[{\"@type\":\"ReadAction\",\"target\":[\"https:\/\/bonocomercioribarroja.com\/va\/comercos-adherits\/\"]}]},{\"@type\":\"BreadcrumbList\",\"@id\":\"https:\/\/bonocomercioribarroja.com\/va\/comercos-adherits\/#breadcrumb\",\"itemListElement\":[{\"@type\":\"ListItem\",\"position\":1,\"name\":\"Portada\",\"item\":\"https:\/\/bonocomercioribarroja.com\/\"},{\"@type\":\"ListItem\",\"position\":2,\"name\":\"Comer\u00e7os adherits\"}]},{\"@type\":\"WebSite\",\"@id\":\"https:\/\/bonocomercioribarroja.com\/#website\",\"url\":\"https:\/\/bonocomercioribarroja.com\/\",\"name\":\"Bo Comer\u00e7 ValenciaBo Comer\u00e7 Valencia\",\"description\":\"Bo Comer\u00e7 Valencia\",\"potentialAction\":[{\"@type\":\"SearchAction\",\"target\":{\"@type\":\"EntryPoint\",\"urlTemplate\":\"https:\/\/bonocomercioribarroja.com\/?s={search_term_string}\"},\"query-input\":{\"@type\":\"PropertyValueSpecification\",\"valueRequired\":true,\"valueName\":\"search_term_string\"}}],\"inLanguage\":\"va\"}]}<\/script>\n<!-- \/ Yoast SEO plugin. -->","yoast_head_json":{"title":"Comer\u00e7os adherits - Bo Comer\u00e7 ValenciaBo Comer\u00e7 Valencia","robots":{"index":"index","follow":"follow","max-snippet":"max-snippet:-1","max-image-preview":"max-image-preview:large","max-video-preview":"max-video-preview:-1"},"canonical":"https:\/\/bonocomercioribarroja.com\/va\/comercos-adherits\/","og_locale":"en_US","og_type":"article","og_title":"Comer\u00e7os adherits - Bo Comer\u00e7 ValenciaBo Comer\u00e7 Valencia","og_description":"[vc_row full_width=&#8221;stretch_row&#8221; disable_element=&#8221;yes&#8221; el_class=&#8221;encuentra_establecimiento&#8221;][vc_column][vc_column_text] En construcci\u00f3 En breu estar\u00e0 disponible [\/vc_column_text][\/vc_column][\/vc_row][vc_row full_width=&#8221;stretch_row&#8221; el_class=&#8221;encuentra_establecimiento&#8221;][vc_column][vc_column_text] Consulta els establiments adherits Troba el lloc m\u00e9s pr\u00f2xim per a gastar el teu bo [\/vc_column_text][vc_row_inner][vc_column_inner width=&#8221;1\/6&#8243;][\/vc_column_inner][vc_column_inner width=&#8221;2\/3&#8243;][\/vc_column_inner][vc_column_inner width=&#8221;1\/6&#8243;][\/vc_column_inner][\/vc_row_inner][\/vc_column][\/vc_row][vc_row el_class=&#8221;acordeon_comercios&#8221;][vc_column][\/vc_column][\/vc_row]","og_url":"https:\/\/bonocomercioribarroja.com\/va\/comercos-adherits\/","og_site_name":"Bo Comer\u00e7 ValenciaBo Comer\u00e7 Valencia","article_modified_time":"2023-10-26T12:43:05+00:00","twitter_card":"summary_large_image","twitter_misc":{"Est. reading time":"1 minute"},"schema":{"@context":"https:\/\/schema.org","@graph":[{"@type":"WebPage","@id":"https:\/\/bonocomercioribarroja.com\/va\/comercos-adherits\/","url":"https:\/\/bonocomercioribarroja.com\/va\/comercos-adherits\/","name":"Comer\u00e7os adherits - Bo Comer\u00e7 ValenciaBo Comer\u00e7 Valencia","isPartOf":{"@id":"https:\/\/bonocomercioribarroja.com\/#website"},"datePublished":"2021-09-09T10:02:13+00:00","dateModified":"2023-10-26T12:43:05+00:00","breadcrumb":{"@id":"https:\/\/bonocomercioribarroja.com\/va\/comercos-adherits\/#breadcrumb"},"inLanguage":"va","potentialAction":[{"@type":"ReadAction","target":["https:\/\/bonocomercioribarroja.com\/va\/comercos-adherits\/"]}]},{"@type":"BreadcrumbList","@id":"https:\/\/bonocomercioribarroja.com\/va\/comercos-adherits\/#breadcrumb","itemListElement":[{"@type":"ListItem","position":1,"name":"Portada","item":"https:\/\/bonocomercioribarroja.com\/"},{"@type":"ListItem","position":2,"name":"Comer\u00e7os adherits"}]},{"@type":"WebSite","@id":"https:\/\/bonocomercioribarroja.com\/#website","url":"https:\/\/bonocomercioribarroja.com\/","name":"Bo Comer\u00e7 ValenciaBo Comer\u00e7 Valencia","description":"Bo Comer\u00e7 Valencia","potentialAction":[{"@type":"SearchAction","target":{"@type":"EntryPoint","urlTemplate":"https:\/\/bonocomercioribarroja.com\/?s={search_term_string}"},"query-input":{"@type":"PropertyValueSpecification","valueRequired":true,"valueName":"search_term_string"}}],"inLanguage":"va"}]}},"_links":{"self":[{"href":"https:\/\/bonocomercioribarroja.com\/va\/wp-json\/wp\/v2\/pages\/276","targetHints":{"allow":["GET"]}}],"collection":[{"href":"https:\/\/bonocomercioribarroja.com\/va\/wp-json\/wp\/v2\/pages"}],"about":[{"href":"https:\/\/bonocomercioribarroja.com\/va\/wp-json\/wp\/v2\/types\/page"}],"author":[{"embeddable":true,"href":"https:\/\/bonocomercioribarroja.com\/va\/wp-json\/wp\/v2\/users\/5"}],"replies":[{"embeddable":true,"href":"https:\/\/bonocomercioribarroja.com\/va\/wp-json\/wp\/v2\/comments?post=276"}],"version-history":[{"count":7,"href":"https:\/\/bonocomercioribarroja.com\/va\/wp-json\/wp\/v2\/pages\/276\/revisions"}],"predecessor-version":[{"id":1383,"href":"https:\/\/bonocomercioribarroja.com\/va\/wp-json\/wp\/v2\/pages\/276\/revisions\/1383"}],"wp:attachment":[{"href":"https:\/\/bonocomercioribarroja.com\/va\/wp-json\/wp\/v2\/media?parent=276"}],"curies":[{"name":"wp","href":"https:\/\/api.w.org\/{rel}","templated":true}]}}